{"id":2399,"date":"2022-09-07T11:19:06","date_gmt":"2022-09-07T14:19:06","guid":{"rendered":"http:\/\/10.101.10.196\/si\/?page_id=2399"},"modified":"2024-11-28T13:05:00","modified_gmt":"2024-11-28T16:05:00","slug":"inicio-2022","status":"publish","type":"page","link":"https:\/\/si.fica.unsl.edu.ar\/index.php\/inicio-2022\/","title":{"rendered":"Inicio-2022"},"content":{"rendered":"\t\t<div data-elementor-type=\"wp-page\" data-elementor-id=\"2399\" class=\"elementor elementor-2399\">\n\t\t\t\t\t\t<section class=\"elementor-section elementor-top-section elementor-element elementor-element-4b8c916 elementor-section-full_width elementor-section-height-default elementor-section-height-default exad-sticky-section-no\" data-id=\"4b8c916\" data-element_type=\"section\" data-e-type=\"section\" data-settings=\"{&quot;background_background&quot;:&quot;classic&quot;}\">\n\t\t\t\t\t\t\t<div class=\"elementor-background-overlay\"><\/div>\n\t\t\t\t\t\t\t<div class=\"elementor-container elementor-column-gap-no\">\n\t\t\t\t\t<div class=\"elementor-column elementor-col-100 elementor-top-column elementor-element elementor-element-134e2f1 exad-glass-effect-no exad-sticky-section-no\" data-id=\"134e2f1\" data-element_type=\"column\" data-e-type=\"column\" data-settings=\"{&quot;background_background&quot;:&quot;classic&quot;}\">\n\t\t\t<div class=\"elementor-widget-wrap elementor-element-populated\">\n\t\t\t\t\t<div class=\"elementor-background-overlay\"><\/div>\n\t\t\t\t\t\t<div class=\"elementor-element elementor-element-9f9d8e9 exad-sticky-section-no exad-glass-effect-no elementor-widget elementor-widget-heading\" data-id=\"9f9d8e9\" data-element_type=\"widget\" data-e-type=\"widget\" data-widget_type=\"heading.default\">\n\t\t\t\t<div class=\"elementor-widget-container\">\n\t\t\t\t\t<h2 class=\"elementor-heading-title elementor-size-default\">Fotos del evento 2022<\/h2>\t\t\t\t<\/div>\n\t\t\t\t<\/div>\n\t\t\t\t<div class=\"elementor-element elementor-element-aafab66 exad-sticky-section-no exad-glass-effect-no elementor-widget elementor-widget-image\" data-id=\"aafab66\" data-element_type=\"widget\" data-e-type=\"widget\" data-widget_type=\"image.default\">\n\t\t\t\t<div class=\"elementor-widget-container\">\n\t\t\t\t\t\t\t\t\t\t\t\t\t\t\t\t<a href=\"https:\/\/si.fica.unsl.edu.ar\/index.php\/fotos-evento-2022\/\">\n\t\t\t\t\t\t\t<img fetchpriority=\"high\" decoding=\"async\" width=\"843\" height=\"286\" src=\"https:\/\/si.fica.unsl.edu.ar\/wp-content\/uploads\/2022\/06\/fotos-1024x347.jpg\" class=\"attachment-large size-large wp-image-2371\" alt=\"\" srcset=\"https:\/\/si.fica.unsl.edu.ar\/wp-content\/uploads\/2022\/06\/fotos-1024x347.jpg 1024w, https:\/\/si.fica.unsl.edu.ar\/wp-content\/uploads\/2022\/06\/fotos-300x102.jpg 300w, https:\/\/si.fica.unsl.edu.ar\/wp-content\/uploads\/2022\/06\/fotos-768x260.jpg 768w, https:\/\/si.fica.unsl.edu.ar\/wp-content\/uploads\/2022\/06\/fotos.jpg 1123w\" sizes=\"(max-width: 843px) 100vw, 843px\" \/>\t\t\t\t\t\t\t\t<\/a>\n\t\t\t\t\t\t\t\t\t\t\t\t\t\t\t<\/div>\n\t\t\t\t<\/div>\n\t\t\t\t\t<\/div>\n\t\t<\/div>\n\t\t\t\t\t<\/div>\n\t\t<\/section>\n\t\t\t\t<section class=\"elementor-section elementor-top-section elementor-element elementor-element-7b22b69 elementor-section-full_width elementor-section-height-default elementor-section-height-default exad-glass-effect-no exad-sticky-section-no\" data-id=\"7b22b69\" data-element_type=\"section\" data-e-type=\"section\">\n\t\t\t\t\t\t<div class=\"elementor-container elementor-column-gap-no\">\n\t\t\t\t\t<div class=\"elementor-column elementor-col-100 elementor-top-column elementor-element elementor-element-84f536c exad-glass-effect-no exad-sticky-section-no\" data-id=\"84f536c\" data-element_type=\"column\" data-e-type=\"column\">\n\t\t\t<div class=\"elementor-widget-wrap elementor-element-populated\">\n\t\t\t\t\t\t<div class=\"elementor-element elementor-element-8f74eee exad-sticky-section-no exad-glass-effect-no elementor-widget elementor-widget-spacer\" data-id=\"8f74eee\" data-element_type=\"widget\" data-e-type=\"widget\" data-widget_type=\"spacer.default\">\n\t\t\t\t<div class=\"elementor-widget-container\">\n\t\t\t\t\t\t\t<div class=\"elementor-spacer\">\n\t\t\t<div class=\"elementor-spacer-inner\"><\/div>\n\t\t<\/div>\n\t\t\t\t\t\t<\/div>\n\t\t\t\t<\/div>\n\t\t\t\t<section class=\"elementor-section elementor-inner-section elementor-element elementor-element-117f263 elementor-section-boxed elementor-section-height-default elementor-section-height-default exad-glass-effect-no exad-sticky-section-no\" data-id=\"117f263\" data-element_type=\"section\" data-e-type=\"section\">\n\t\t\t\t\t\t<div class=\"elementor-container elementor-column-gap-default\">\n\t\t\t\t\t<div class=\"elementor-column elementor-col-50 elementor-inner-column elementor-element elementor-element-f5707cd exad-glass-effect-no exad-sticky-section-no\" data-id=\"f5707cd\" data-element_type=\"column\" data-e-type=\"column\">\n\t\t\t<div class=\"elementor-widget-wrap elementor-element-populated\">\n\t\t\t\t\t\t<div class=\"elementor-element elementor-element-067911c animated-slow exad-sticky-section-no exad-glass-effect-no elementor-invisible elementor-widget elementor-widget-eael-fancy-text\" data-id=\"067911c\" data-element_type=\"widget\" data-e-type=\"widget\" data-settings=\"{&quot;_animation&quot;:&quot;bounce&quot;}\" data-widget_type=\"eael-fancy-text.default\">\n\t\t\t\t<div class=\"elementor-widget-container\">\n\t\t\t\t\t\n\t<div  class=\"eael-fancy-text-container style-1\" data-fancy-text-id=\"067911c\" data-fancy-text=\"|6 al 10 de junio\" data-fancy-text-transition-type=\"typing\" data-fancy-text-speed=\"50\" data-fancy-text-delay=\"2500\" data-fancy-text-cursor=\"yes\" data-fancy-text-loop=\"yes\" data-fancy-text-action=\"page_load\" >\n\t\t\n\t\t\n\t\t\t\t\t<span id=\"eael-fancy-text-067911c\" class=\"eael-fancy-text-strings \">\n\t\t\t\t<noscript>\n\t\t\t\t\t6 al 10 de junio\t\t\t\t<\/noscript>\n\t\t\t<\/span>\n\t\t\n\t\t\t<\/div><!-- close .eael-fancy-text-container -->\n\n\t<div class=\"clearfix\"><\/div>\n\n\t\t\t\t\t<\/div>\n\t\t\t\t<\/div>\n\t\t\t\t\t<\/div>\n\t\t<\/div>\n\t\t\t\t<div class=\"elementor-column elementor-col-50 elementor-inner-column elementor-element elementor-element-4a4e517 exad-glass-effect-no exad-sticky-section-no\" data-id=\"4a4e517\" data-element_type=\"column\" data-e-type=\"column\">\n\t\t\t<div class=\"elementor-widget-wrap elementor-element-populated\">\n\t\t\t\t\t\t<div class=\"elementor-element elementor-element-90af7fb exad-sticky-section-no exad-glass-effect-no elementor-widget elementor-widget-text-editor\" data-id=\"90af7fb\" data-element_type=\"widget\" data-e-type=\"widget\" data-widget_type=\"text-editor.default\">\n\t\t\t\t<div class=\"elementor-widget-container\">\n\t\t\t\t\t\t\t\t\t<p>Con el objetivo<b>\u00a0<\/b>de conmemorar este importante acontecimiento, la\u00a0<b>FICA\u00a0<\/b>organiza una serie de actividades con el fin de mostrar a la comunidad cu\u00e1l es el rol social de los ingenieros, c\u00f3mo la ingenier\u00eda argentina se refleja en la vida cotidiana y porque no, despertar vocaciones tempranas para que m\u00e1s j\u00f3venes puedan ver a esta profesi\u00f3n como su propio proyecto de vida.<\/p>\t\t\t\t\t\t\t\t<\/div>\n\t\t\t\t<\/div>\n\t\t\t\t\t<\/div>\n\t\t<\/div>\n\t\t\t\t\t<\/div>\n\t\t<\/section>\n\t\t\t\t<section class=\"elementor-section elementor-inner-section elementor-element elementor-element-6b8575e elementor-section-boxed elementor-section-height-default elementor-section-height-default exad-glass-effect-no exad-sticky-section-no\" data-id=\"6b8575e\" data-element_type=\"section\" data-e-type=\"section\">\n\t\t\t\t\t\t\t<div class=\"elementor-background-overlay\"><\/div>\n\t\t\t\t\t\t\t<div class=\"elementor-container elementor-column-gap-default\">\n\t\t\t\t\t<div class=\"elementor-column elementor-col-20 elementor-inner-column elementor-element elementor-element-e7997ac exad-glass-effect-no exad-sticky-section-no\" data-id=\"e7997ac\" data-element_type=\"column\" data-e-type=\"column\">\n\t\t\t<div class=\"elementor-widget-wrap elementor-element-populated\">\n\t\t\t\t\t\t<div class=\"elementor-element elementor-element-3b4702e exad-sticky-section-no exad-glass-effect-no elementor-widget elementor-widget-text-editor\" data-id=\"3b4702e\" data-element_type=\"widget\" data-e-type=\"widget\" data-widget_type=\"text-editor.default\">\n\t\t\t\t<div class=\"elementor-widget-container\">\n\t\t\t\t\t\t\t\t\t<p>2<br \/>0<br \/>2<br \/>2<\/p>\t\t\t\t\t\t\t\t<\/div>\n\t\t\t\t<\/div>\n\t\t\t\t\t<\/div>\n\t\t<\/div>\n\t\t\t\t<div class=\"elementor-column elementor-col-20 elementor-inner-column elementor-element elementor-element-28c8445 exad-glass-effect-no exad-sticky-section-no\" data-id=\"28c8445\" data-element_type=\"column\" data-e-type=\"column\">\n\t\t\t<div class=\"elementor-widget-wrap elementor-element-populated\">\n\t\t\t\t\t\t<div class=\"elementor-element elementor-element-648a007 exad-sticky-section-no exad-glass-effect-no elementor-widget elementor-widget-image\" data-id=\"648a007\" data-element_type=\"widget\" data-e-type=\"widget\" data-widget_type=\"image.default\">\n\t\t\t\t<div class=\"elementor-widget-container\">\n\t\t\t\t\t\t\t\t\t\t\t\t\t\t\t\t<a href=\"https:\/\/si.fica.unsl.edu.ar\/wp-content\/uploads\/2022\/06\/Muni.jpg\" data-elementor-open-lightbox=\"yes\" data-elementor-lightbox-title=\"Muni\" data-e-action-hash=\"#elementor-action%3Aaction%3Dlightbox%26settings%3DeyJpZCI6MTkzMCwidXJsIjoiaHR0cHM6XC9cL3NpLmZpY2EudW5zbC5lZHUuYXJcL3dwLWNvbnRlbnRcL3VwbG9hZHNcLzIwMjJcLzA2XC9NdW5pLmpwZyJ9\">\n\t\t\t\t\t\t\t<img decoding=\"async\" width=\"640\" height=\"541\" src=\"https:\/\/si.fica.unsl.edu.ar\/wp-content\/uploads\/2022\/06\/Muni.jpg\" class=\"attachment-large size-large wp-image-1930\" alt=\"\" srcset=\"https:\/\/si.fica.unsl.edu.ar\/wp-content\/uploads\/2022\/06\/Muni.jpg 640w, https:\/\/si.fica.unsl.edu.ar\/wp-content\/uploads\/2022\/06\/Muni-300x254.jpg 300w\" sizes=\"(max-width: 640px) 100vw, 640px\" \/>\t\t\t\t\t\t\t\t<\/a>\n\t\t\t\t\t\t\t\t\t\t\t\t\t\t\t<\/div>\n\t\t\t\t<\/div>\n\t\t\t\t\t<\/div>\n\t\t<\/div>\n\t\t\t\t<div class=\"elementor-column elementor-col-20 elementor-inner-column elementor-element elementor-element-30be0de exad-glass-effect-no exad-sticky-section-no\" data-id=\"30be0de\" data-element_type=\"column\" data-e-type=\"column\">\n\t\t\t<div class=\"elementor-widget-wrap elementor-element-populated\">\n\t\t\t\t\t\t<div class=\"elementor-element elementor-element-4f021f9 elementor-view-default elementor-position-block-start elementor-mobile-position-block-start exad-sticky-section-no exad-glass-effect-no elementor-widget elementor-widget-icon-box\" data-id=\"4f021f9\" data-element_type=\"widget\" data-e-type=\"widget\" data-widget_type=\"icon-box.default\">\n\t\t\t\t<div class=\"elementor-widget-container\">\n\t\t\t\t\t\t\t<div class=\"elementor-icon-box-wrapper\">\n\n\t\t\t\t\t\t<div class=\"elementor-icon-box-icon\">\n\t\t\t\t<a href=\"https:\/\/si.fica.unsl.edu.ar\/wp-content\/uploads\/2022\/06\/Decreto-2738_2022.pdf\" target=\"_blank\" class=\"elementor-icon\" tabindex=\"-1\" aria-label=\"DECRETO N\u00b02738 \/2022\">\n\t\t\t\t<i aria-hidden=\"true\" class=\"fas fa-file-signature\"><\/i>\t\t\t\t<\/a>\n\t\t\t<\/div>\n\t\t\t\n\t\t\t\t\t\t<div class=\"elementor-icon-box-content\">\n\n\t\t\t\t\t\t\t\t\t<h3 class=\"elementor-icon-box-title\">\n\t\t\t\t\t\t<a href=\"https:\/\/si.fica.unsl.edu.ar\/wp-content\/uploads\/2022\/06\/Decreto-2738_2022.pdf\" target=\"_blank\" >\n\t\t\t\t\t\t\tDECRETO N\u00b02738 \/2022\t\t\t\t\t\t<\/a>\n\t\t\t\t\t<\/h3>\n\t\t\t\t\n\t\t\t\t\t\t\t\t\t<p class=\"elementor-icon-box-description\">\n\t\t\t\t\t\tDeclarar de INTER\u00c9S MUNICIPAL de la Ciudad de Villa Mercedes, \"Semana de la Ingenier\u00eda\" organizada por la Facultad de Ingenier\u00eda Agropecuarias de la Universidad Nacional de\t\t\t\t\t<\/p>\n\t\t\t\t\n\t\t\t<\/div>\n\t\t\t\n\t\t<\/div>\n\t\t\t\t\t\t<\/div>\n\t\t\t\t<\/div>\n\t\t\t\t\t<\/div>\n\t\t<\/div>\n\t\t\t\t<div class=\"elementor-column elementor-col-20 elementor-inner-column elementor-element elementor-element-4f3a494 exad-glass-effect-no exad-sticky-section-no\" data-id=\"4f3a494\" data-element_type=\"column\" data-e-type=\"column\">\n\t\t\t<div class=\"elementor-widget-wrap elementor-element-populated\">\n\t\t\t\t\t\t<div class=\"elementor-element elementor-element-9b3f205 elementor-view-default elementor-position-block-start elementor-mobile-position-block-start exad-sticky-section-no exad-glass-effect-no elementor-widget elementor-widget-icon-box\" data-id=\"9b3f205\" data-element_type=\"widget\" data-e-type=\"widget\" data-widget_type=\"icon-box.default\">\n\t\t\t\t<div class=\"elementor-widget-container\">\n\t\t\t\t\t\t\t<div class=\"elementor-icon-box-wrapper\">\n\n\t\t\t\t\t\t<div class=\"elementor-icon-box-icon\">\n\t\t\t\t<a href=\"https:\/\/si.fica.unsl.edu.ar\/wp-content\/uploads\/2022\/06\/Consejo-Deliberante.pdf\" target=\"_blank\" class=\"elementor-icon\" tabindex=\"-1\" aria-label=\"DECLARACI\u00d3N N\u00b01345-d\/2022\">\n\t\t\t\t<i aria-hidden=\"true\" class=\"fas fa-file-signature\"><\/i>\t\t\t\t<\/a>\n\t\t\t<\/div>\n\t\t\t\n\t\t\t\t\t\t<div class=\"elementor-icon-box-content\">\n\n\t\t\t\t\t\t\t\t\t<h3 class=\"elementor-icon-box-title\">\n\t\t\t\t\t\t<a href=\"https:\/\/si.fica.unsl.edu.ar\/wp-content\/uploads\/2022\/06\/Consejo-Deliberante.pdf\" target=\"_blank\" >\n\t\t\t\t\t\t\tDECLARACI\u00d3N N\u00b01345-d\/2022\t\t\t\t\t\t<\/a>\n\t\t\t\t\t<\/h3>\n\t\t\t\t\n\t\t\t\t\t\t\t\t\t<p class=\"elementor-icon-box-description\">\n\t\t\t\t\t\tEl Honorable Concejo Deliberante de la ciudad de Villa Mercedes Declara de\nInter\u00e9s Legislativo, Cient\u00edfico, Tecnol\u00f3gico, Innovador, Cultural y Educativo a la actividad denominada \u00abSEMANA DE LA INGENIERIA - SEMANA\nFICA\"\t\t\t\t\t<\/p>\n\t\t\t\t\n\t\t\t<\/div>\n\t\t\t\n\t\t<\/div>\n\t\t\t\t\t\t<\/div>\n\t\t\t\t<\/div>\n\t\t\t\t\t<\/div>\n\t\t<\/div>\n\t\t\t\t<div class=\"elementor-column elementor-col-20 elementor-inner-column elementor-element elementor-element-ac16d0a exad-glass-effect-no exad-sticky-section-no\" data-id=\"ac16d0a\" data-element_type=\"column\" data-e-type=\"column\">\n\t\t\t<div class=\"elementor-widget-wrap\">\n\t\t\t\t\t\t\t<\/div>\n\t\t<\/div>\n\t\t\t\t\t<\/div>\n\t\t<\/section>\n\t\t\t\t<div class=\"elementor-element elementor-element-7984974 elementor-align-left exad-sticky-section-no exad-glass-effect-no elementor-widget elementor-widget-button\" data-id=\"7984974\" data-element_type=\"widget\" data-e-type=\"widget\" data-widget_type=\"button.default\">\n\t\t\t\t<div class=\"elementor-widget-container\">\n\t\t\t\t\t\t\t\t\t<div class=\"elementor-button-wrapper\">\n\t\t\t\t\t<a class=\"elementor-button elementor-button-link elementor-size-sm\" href=\"#\">\n\t\t\t\t\t\t<span class=\"elementor-button-content-wrapper\">\n\t\t\t\t\t\t\t\t\t<span class=\"elementor-button-text\">Semana de la Ingenier\u00eda<\/span>\n\t\t\t\t\t<\/span>\n\t\t\t\t\t<\/a>\n\t\t\t\t<\/div>\n\t\t\t\t\t\t\t\t<\/div>\n\t\t\t\t<\/div>\n\t\t\t\t<section class=\"elementor-section elementor-inner-section elementor-element elementor-element-c23b5e5 elementor-section-full_width elementor-section-height-default elementor-section-height-default exad-glass-effect-no exad-sticky-section-no\" data-id=\"c23b5e5\" data-element_type=\"section\" data-e-type=\"section\">\n\t\t\t\t\t\t<div class=\"elementor-container elementor-column-gap-default\">\n\t\t\t\t\t<div class=\"elementor-column elementor-col-50 elementor-inner-column elementor-element elementor-element-a91f562 exad-glass-effect-no exad-sticky-section-no\" data-id=\"a91f562\" data-element_type=\"column\" data-e-type=\"column\">\n\t\t\t<div class=\"elementor-widget-wrap elementor-element-populated\">\n\t\t\t\t\t\t<div class=\"elementor-element elementor-element-f787a53 exad-sticky-section-no exad-glass-effect-no elementor-widget elementor-widget-image\" data-id=\"f787a53\" data-element_type=\"widget\" data-e-type=\"widget\" data-widget_type=\"image.default\">\n\t\t\t\t<div class=\"elementor-widget-container\">\n\t\t\t\t\t\t\t\t\t\t\t\t\t\t\t<img decoding=\"async\" width=\"512\" height=\"512\" src=\"https:\/\/si.fica.unsl.edu.ar\/wp-content\/uploads\/2022\/05\/calendario.png\" class=\"attachment-large size-large wp-image-1552\" alt=\"\" srcset=\"https:\/\/si.fica.unsl.edu.ar\/wp-content\/uploads\/2022\/05\/calendario.png 512w, https:\/\/si.fica.unsl.edu.ar\/wp-content\/uploads\/2022\/05\/calendario-300x300.png 300w, https:\/\/si.fica.unsl.edu.ar\/wp-content\/uploads\/2022\/05\/calendario-150x150.png 150w\" sizes=\"(max-width: 512px) 100vw, 512px\" \/>\t\t\t\t\t\t\t\t\t\t\t\t\t\t\t<\/div>\n\t\t\t\t<\/div>\n\t\t\t\t\t<\/div>\n\t\t<\/div>\n\t\t\t\t<div class=\"elementor-column elementor-col-50 elementor-inner-column elementor-element elementor-element-9eade98 exad-glass-effect-no exad-sticky-section-no\" data-id=\"9eade98\" data-element_type=\"column\" data-e-type=\"column\">\n\t\t\t<div class=\"elementor-widget-wrap elementor-element-populated\">\n\t\t\t\t\t\t<div class=\"elementor-element elementor-element-0c7beac exad-sticky-section-no exad-glass-effect-no elementor-widget elementor-widget-text-editor\" data-id=\"0c7beac\" data-element_type=\"widget\" data-e-type=\"widget\" data-widget_type=\"text-editor.default\">\n\t\t\t\t<div class=\"elementor-widget-container\">\n\t\t\t\t\t\t\t\t\t<p style=\"text-align: justify;\">Una semana destinada a la divulgaci\u00f3n sobre desarrollos, estudios, resultados o productos de actividades de extensi\u00f3n, vinculaci\u00f3n, investigaci\u00f3n y docencia realizadas en nuestra Unidad Acad\u00e9mica y que busca reunir a toda la comunidad universitaria y p\u00fablico en general. <span style=\"color: #003366;\"><a style=\"color: #003366;\" href=\"https:\/\/si.fica.unsl.edu.ar\/wp-content\/uploads\/2022\/06\/OCD-14_2022-Semana-de-la-Ingenieria-Semana-FICA.pdf\" target=\"_blank\" rel=\"noopener\">Institucionalizada mediante OCD 05-2022<\/a><\/span><\/p>\t\t\t\t\t\t\t\t<\/div>\n\t\t\t\t<\/div>\n\t\t\t\t<div class=\"elementor-element elementor-element-e72c98e elementor-align-center exad-sticky-section-no exad-glass-effect-no elementor-widget elementor-widget-button\" data-id=\"e72c98e\" data-element_type=\"widget\" data-e-type=\"widget\" data-widget_type=\"button.default\">\n\t\t\t\t<div class=\"elementor-widget-container\">\n\t\t\t\t\t\t\t\t\t<div class=\"elementor-button-wrapper\">\n\t\t\t\t\t<a class=\"elementor-button elementor-button-link elementor-size-sm\" href=\"https:\/\/si.fica.unsl.edu.ar\/index.php\/cronograma-de-actividades-2022\/\">\n\t\t\t\t\t\t<span class=\"elementor-button-content-wrapper\">\n\t\t\t\t\t\t\t\t\t<span class=\"elementor-button-text\">Cronograma de Actividades<\/span>\n\t\t\t\t\t<\/span>\n\t\t\t\t\t<\/a>\n\t\t\t\t<\/div>\n\t\t\t\t\t\t\t\t<\/div>\n\t\t\t\t<\/div>\n\t\t\t\t\t<\/div>\n\t\t<\/div>\n\t\t\t\t\t<\/div>\n\t\t<\/section>\n\t\t\t\t<div class=\"elementor-element elementor-element-67911ab exad-sticky-section-no exad-glass-effect-no elementor-widget elementor-widget-eael-fancy-text\" data-id=\"67911ab\" data-element_type=\"widget\" data-e-type=\"widget\" data-widget_type=\"eael-fancy-text.default\">\n\t\t\t\t<div class=\"elementor-widget-container\">\n\t\t\t\t\t\n\t<div  class=\"eael-fancy-text-container style-1\" data-fancy-text-id=\"67911ab\" data-fancy-text=\"|ACTIVIDADES DESARROLLADAS\" data-fancy-text-transition-type=\"typing\" data-fancy-text-speed=\"50\" data-fancy-text-delay=\"2500\" data-fancy-text-cursor=\"yes\" data-fancy-text-loop=\"yes\" data-fancy-text-action=\"page_load\" >\n\t\t\n\t\t\n\t\t\t\t\t<span id=\"eael-fancy-text-67911ab\" class=\"eael-fancy-text-strings \">\n\t\t\t\t<noscript>\n\t\t\t\t\tACTIVIDADES DESARROLLADAS\t\t\t\t<\/noscript>\n\t\t\t<\/span>\n\t\t\n\t\t\t<\/div><!-- close .eael-fancy-text-container -->\n\n\t<div class=\"clearfix\"><\/div>\n\n\t\t\t\t\t<\/div>\n\t\t\t\t<\/div>\n\t\t\t\t<section class=\"elementor-section elementor-inner-section elementor-element elementor-element-0e95933 elementor-section-boxed elementor-section-height-default elementor-section-height-default exad-glass-effect-no exad-sticky-section-no\" data-id=\"0e95933\" data-element_type=\"section\" data-e-type=\"section\">\n\t\t\t\t\t\t<div class=\"elementor-container elementor-column-gap-default\">\n\t\t\t\t\t<div class=\"elementor-column elementor-col-50 elementor-inner-column elementor-element elementor-element-1e9c1a2 exad-glass-effect-no exad-sticky-section-no\" data-id=\"1e9c1a2\" data-element_type=\"column\" data-e-type=\"column\">\n\t\t\t<div class=\"elementor-widget-wrap elementor-element-populated\">\n\t\t\t\t\t\t<div class=\"exad-link-anything-wrapper elementor-element elementor-element-056ef02 exad-sticky-section-no exad-glass-effect-no elementor-widget elementor-widget-exad-flipbox\" data-exad-element-link=\"{&quot;url&quot;:&quot;https:\\\/\\\/si.fica.unsl.edu.ar\\\/index.php\\\/cronograma-de-actividades-2022\\\/&quot;,&quot;is_external&quot;:&quot;&quot;,&quot;nofollow&quot;:&quot;&quot;,&quot;custom_attributes&quot;:&quot;&quot;}\" style=\"cursor: pointer\" data-id=\"056ef02\" data-element_type=\"widget\" data-e-type=\"widget\" data-widget_type=\"exad-flipbox.default\">\n\t\t\t\t<div class=\"elementor-widget-container\">\n\t\t\t\t\t\r\n\t\t<div class=\"exad-flip-box\">\r\n\t      \t<div class=\"exad-flip-box-inner left-to-right\">\r\n\t        \t<div class=\"exad-flip-box-front center\">\r\n\t\t\t\t\t<div class=\"exad-flip-box-front-overlay\"><\/div>\r\n\t        \t\t<div class=\"exad-flip-box-front-content\">\r\n\t\t\t\t\t\t\t\t          \t\t<div class=\"exad-flip-box-front-image\">\r\n\t\t\t\t\t\t\t  <i class=\"teenyicon ti-users\"><\/i>\t\t\t        \t\t<\/div>\r\n\t\t\t\t\t\t\t\t\t\t\t\t\r\n\t\t\t\t        <h3 class=\"exad-flip-box-front-title\">\r\n\t\t\t\t\t\t\tCHARLAS ESPEC\u00cdFICAS DE DIVULGACI\u00d3N\t\t\t\t\t\t<\/h3>\r\n\t\t\t\t\t\t\r\n\t\t\t\t\t\t\t\t\t\t\t\t\r\n\t\t\t\t        <div class=\"exad-flip-box-front-description\">\r\n\t\t\t\t\t\tDestinadas a p\u00fablico general.\t\t\t\t\t\t<\/div>\r\n\t\t\t\t\t\t\r\n\t\t\t\t\t\t\t        \t\t<\/div>\r\n\t        \t<\/div>\r\n\r\n\t\t        <div class=\"exad-flip-box-back center\">\r\n\t\t\t\t\t<div class=\"exad-flip-box-back-overlay\"><\/div>\r\n\t\t        \t<div class=\"exad-flip-box-back-content\">\r\n\t\t\t        \t\t\t\t\t\t\r\n\t\t\t\t        <h2 class=\"exad-flip-box-back-title\">\r\n\t\t\t\t\t\t\tCharlas Espec\u00edficas de Divulgaci\u00f3n\t\t\t\t\t\t<\/h2>\r\n\t\t\t\t\t\t\r\n\t\t\t\t\t\t\t\t\t\t\t\t\r\n\t\t\t\t        <div class=\"exad-flip-box-back-description\">\r\n\t\t\t\t\t\t<strong>Lugar:<\/strong> Escuela de Econom\u00eda, Negocios y Transferencia Tecnol\u00f3gica\n<br><br>\n<strong>Destinatarios:<\/strong> p\u00fablico en general\n<br><br>\n<strong>D\u00edas y horarios:<\/strong> 6 al 9 de junio 18:00 h<br> (consulte el cronograma)\t\t\t\t\t\t<\/div>\r\n\t\t\t\t\t\t\r\n\t\t\t\t\t\t\t\t\t        <\/div>\r\n\t\t        <\/div>\r\n\t      \t<\/div>\r\n\t    <\/div>\r\n\t\t\t\t\t<\/div>\n\t\t\t\t<\/div>\n\t\t\t\t\t<\/div>\n\t\t<\/div>\n\t\t\t\t<div class=\"elementor-column elementor-col-50 elementor-inner-column elementor-element elementor-element-a1cbef7 exad-glass-effect-no exad-sticky-section-no\" data-id=\"a1cbef7\" data-element_type=\"column\" data-e-type=\"column\">\n\t\t\t<div class=\"elementor-widget-wrap elementor-element-populated\">\n\t\t\t\t\t\t<div class=\"exad-link-anything-wrapper elementor-element elementor-element-9343c06 exad-sticky-section-no exad-glass-effect-no elementor-widget elementor-widget-exad-flipbox\" data-exad-element-link=\"{&quot;url&quot;:&quot;https:\\\/\\\/si.fica.unsl.edu.ar\\\/index.php\\\/cronograma-de-actividades-2022\\\/&quot;,&quot;is_external&quot;:&quot;&quot;,&quot;nofollow&quot;:&quot;&quot;,&quot;custom_attributes&quot;:&quot;&quot;}\" style=\"cursor: pointer\" data-id=\"9343c06\" data-element_type=\"widget\" data-e-type=\"widget\" data-widget_type=\"exad-flipbox.default\">\n\t\t\t\t<div class=\"elementor-widget-container\">\n\t\t\t\t\t\r\n\t\t<div class=\"exad-flip-box\">\r\n\t      \t<div class=\"exad-flip-box-inner left-to-right\">\r\n\t        \t<div class=\"exad-flip-box-front center\">\r\n\t\t\t\t\t<div class=\"exad-flip-box-front-overlay\"><\/div>\r\n\t        \t\t<div class=\"exad-flip-box-front-content\">\r\n\t\t\t\t\t\t\t\t          \t\t<div class=\"exad-flip-box-front-image\">\r\n\t\t\t\t\t\t\t  <i class=\"teenyicon ti-user-square\"><\/i>\t\t\t        \t\t<\/div>\r\n\t\t\t\t\t\t\t\t\t\t\t\t\r\n\t\t\t\t        <h3 class=\"exad-flip-box-front-title\">\r\n\t\t\t\t\t\t\tEXPOSICI\u00d3N <br>DE PONENCIAS\t\t\t\t\t\t<\/h3>\r\n\t\t\t\t\t\t\r\n\t\t\t\t\t\t\t\t\t\t\t\t\r\n\t\t\t\t        <div class=\"exad-flip-box-front-description\">\r\n\t\t\t\t\t\tPor parte de docentes investigadores, extensionistas o integrantes de grupos de servicio, tesistas de posgrado o estudiantes avanzados que est\u00e9n realizando su trabajo final.\t\t\t\t\t\t<\/div>\r\n\t\t\t\t\t\t\r\n\t\t\t\t\t\t\t        \t\t<\/div>\r\n\t        \t<\/div>\r\n\r\n\t\t        <div class=\"exad-flip-box-back center\">\r\n\t\t\t\t\t<div class=\"exad-flip-box-back-overlay\"><\/div>\r\n\t\t        \t<div class=\"exad-flip-box-back-content\">\r\n\t\t\t        \t\t\t\t\t\t\r\n\t\t\t\t        <h2 class=\"exad-flip-box-back-title\">\r\n\t\t\t\t\t\t\tExposici\u00f3n de Ponencias \t\t\t\t\t\t<\/h2>\r\n\t\t\t\t\t\t\r\n\t\t\t\t\t\t\t\t\t\t\t\t\r\n\t\t\t\t        <div class=\"exad-flip-box-back-description\">\r\n\t\t\t\t\t\t<strong>Lugar:<\/strong> Campus Universitario\n<br><br>\n<strong>Destinatarios:<\/strong> estudiantes, docentes y p\u00fablico en general\n<br><br>\n<strong>D\u00edas y horarios:<\/strong> 7 al 10 de junio 9:00 h<br> (consulte el cronograma)\t\t\t\t\t\t<\/div>\r\n\t\t\t\t\t\t\r\n\t\t\t\t\t\t\t\t\t        <\/div>\r\n\t\t        <\/div>\r\n\t      \t<\/div>\r\n\t    <\/div>\r\n\t\t\t\t\t<\/div>\n\t\t\t\t<\/div>\n\t\t\t\t\t<\/div>\n\t\t<\/div>\n\t\t\t\t\t<\/div>\n\t\t<\/section>\n\t\t\t\t<section class=\"elementor-section elementor-inner-section elementor-element elementor-element-a977137 elementor-section-boxed elementor-section-height-default elementor-section-height-default exad-glass-effect-no exad-sticky-section-no\" data-id=\"a977137\" data-element_type=\"section\" data-e-type=\"section\">\n\t\t\t\t\t\t<div class=\"elementor-container elementor-column-gap-default\">\n\t\t\t\t\t<div class=\"elementor-column elementor-col-50 elementor-inner-column elementor-element elementor-element-6e65bff exad-glass-effect-no exad-sticky-section-no\" data-id=\"6e65bff\" data-element_type=\"column\" data-e-type=\"column\">\n\t\t\t<div class=\"elementor-widget-wrap elementor-element-populated\">\n\t\t\t\t\t\t<div class=\"exad-link-anything-wrapper elementor-element elementor-element-fdd9287 exad-sticky-section-no exad-glass-effect-no elementor-widget elementor-widget-exad-flipbox\" data-exad-element-link=\"{&quot;url&quot;:&quot;https:\\\/\\\/si.fica.unsl.edu.ar\\\/index.php\\\/cronograma\\\/&quot;,&quot;is_external&quot;:&quot;&quot;,&quot;nofollow&quot;:&quot;&quot;,&quot;custom_attributes&quot;:&quot;&quot;}\" style=\"cursor: pointer\" data-id=\"fdd9287\" data-element_type=\"widget\" data-e-type=\"widget\" data-widget_type=\"exad-flipbox.default\">\n\t\t\t\t<div class=\"elementor-widget-container\">\n\t\t\t\t\t\r\n\t\t<div class=\"exad-flip-box\">\r\n\t      \t<div class=\"exad-flip-box-inner left-to-right\">\r\n\t        \t<div class=\"exad-flip-box-front center\">\r\n\t\t\t\t\t<div class=\"exad-flip-box-front-overlay\"><\/div>\r\n\t        \t\t<div class=\"exad-flip-box-front-content\">\r\n\t\t\t\t\t\t\t\t          \t\t<div class=\"exad-flip-box-front-image\">\r\n\t\t\t\t\t\t\t  <i class=\"teenyicon ti-book\"><\/i>\t\t\t        \t\t<\/div>\r\n\t\t\t\t\t\t\t\t\t\t\t\t\r\n\t\t\t\t        <h3 class=\"exad-flip-box-front-title\">\r\n\t\t\t\t\t\t\tEDICI\u00d3N DE LA REVISTA Identi.FICA\t\t\t\t\t\t<\/h3>\r\n\t\t\t\t\t\t\r\n\t\t\t\t\t\t\t\t\t\t\t\t\r\n\t\t\t\t        <div class=\"exad-flip-box-front-description\">\r\n\t\t\t\t\t\tUna revista anual de divulgaci\u00f3n sobre las diferentes tareas y actividades desarrolladas en el \u00e1mbito de nuestra facultad\t\t\t\t\t\t<\/div>\r\n\t\t\t\t\t\t\r\n\t\t\t\t\t\t\t        \t\t<\/div>\r\n\t        \t<\/div>\r\n\r\n\t\t        <div class=\"exad-flip-box-back center\">\r\n\t\t\t\t\t<div class=\"exad-flip-box-back-overlay\"><\/div>\r\n\t\t        \t<div class=\"exad-flip-box-back-content\">\r\n\t\t\t        \t\t\t\t\t\t\r\n\t\t\t\t        <h2 class=\"exad-flip-box-back-title\">\r\n\t\t\t\t\t\t\tEdici\u00f3n de la Revista Identi.FICA\t\t\t\t\t\t<\/h2>\r\n\t\t\t\t\t\t\r\n\t\t\t\t\t\t\t\t\t\t\t\t\r\n\t\t\t\t        <div class=\"exad-flip-box-back-description\">\r\n\t\t\t\t\t\t\nLas ponencias presentadas por docentes y estudiantes, aprobadas por un comit\u00e9 evaluador formar\u00e1n parte del 1\u00ba n\u00famero de esta revista. Una revista anual de divulgaci\u00f3n sobre las diferentes tareas y actividades desarrolladas en el \u00e1mbito de nuestra facultad, y que pretende establecer, demostrar y reconocer nuestra identidad.\t\t\t\t\t\t<\/div>\r\n\t\t\t\t\t\t\r\n\t\t\t\t\t\t\t\t\t        <\/div>\r\n\t\t        <\/div>\r\n\t      \t<\/div>\r\n\t    <\/div>\r\n\t\t\t\t\t<\/div>\n\t\t\t\t<\/div>\n\t\t\t\t\t<\/div>\n\t\t<\/div>\n\t\t\t\t<div class=\"elementor-column elementor-col-50 elementor-inner-column elementor-element elementor-element-5b35bb9 exad-glass-effect-no exad-sticky-section-no\" data-id=\"5b35bb9\" data-element_type=\"column\" data-e-type=\"column\">\n\t\t\t<div class=\"elementor-widget-wrap elementor-element-populated\">\n\t\t\t\t\t\t<div class=\"exad-link-anything-wrapper elementor-element elementor-element-937c946 exad-sticky-section-no exad-glass-effect-no elementor-widget elementor-widget-exad-flipbox\" data-exad-element-link=\"{&quot;url&quot;:&quot;https:\\\/\\\/si.fica.unsl.edu.ar\\\/index.php\\\/cronograma\\\/&quot;,&quot;is_external&quot;:&quot;&quot;,&quot;nofollow&quot;:&quot;&quot;,&quot;custom_attributes&quot;:&quot;&quot;}\" style=\"cursor: pointer\" data-id=\"937c946\" data-element_type=\"widget\" data-e-type=\"widget\" data-widget_type=\"exad-flipbox.default\">\n\t\t\t\t<div class=\"elementor-widget-container\">\n\t\t\t\t\t\r\n\t\t<div class=\"exad-flip-box\">\r\n\t      \t<div class=\"exad-flip-box-inner left-to-right\">\r\n\t        \t<div class=\"exad-flip-box-front center\">\r\n\t\t\t\t\t<div class=\"exad-flip-box-front-overlay\"><\/div>\r\n\t        \t\t<div class=\"exad-flip-box-front-content\">\r\n\t\t\t\t\t\t\t\t          \t\t<div class=\"exad-flip-box-front-image\">\r\n\t\t\t\t\t\t\t  <i class=\"fas fa-graduation-cap\"><\/i>\t\t\t        \t\t<\/div>\r\n\t\t\t\t\t\t\t\t\t\t\t\t\r\n\t\t\t\t        <h3 class=\"exad-flip-box-front-title\">\r\n\t\t\t\t\t\t\t1\u00b0 ENCUENTRO DE GRADUADOS <strong>FICA<\/strong>\t\t\t\t\t\t<\/h3>\r\n\t\t\t\t\t\t\r\n\t\t\t\t\t\t\t\t\t\t\t\t\r\n\t\t\t\t        <div class=\"exad-flip-box-front-description\">\r\n\t\t\t\t\t\tUn encuentro de intercambio de opiniones con el claustro graduados.\t\t\t\t\t\t<\/div>\r\n\t\t\t\t\t\t\r\n\t\t\t\t\t\t\t        \t\t<\/div>\r\n\t        \t<\/div>\r\n\r\n\t\t        <div class=\"exad-flip-box-back center\">\r\n\t\t\t\t\t<div class=\"exad-flip-box-back-overlay\"><\/div>\r\n\t\t        \t<div class=\"exad-flip-box-back-content\">\r\n\t\t\t        \t\t\t\t\t\t\r\n\t\t\t\t        <h2 class=\"exad-flip-box-back-title\">\r\n\t\t\t\t\t\t\tEncuentro de Graduados\t\t\t\t\t\t<\/h2>\r\n\t\t\t\t\t\t\r\n\t\t\t\t\t\t\t\t\t\t\t\t\r\n\t\t\t\t        <div class=\"exad-flip-box-back-description\">\r\n\t\t\t\t\t\tUn encuentro de intercambio de opiniones con el claustro graduados.\n<strong>Lugar:<\/strong> Campus Universitario\n<br><br>\n<strong>Destinatarios:<\/strong> graduados de nuestras carreras\n<br><br>\n<strong>D\u00eda y horario:<\/strong> viernes 10 de junio 18 hs <br>\n<strong>Aula 17<\/strong> - Campus Universitario\t\t\t\t\t\t<\/div>\r\n\t\t\t\t\t\t\r\n\t\t\t\t\t\t\t\t\t        <\/div>\r\n\t\t        <\/div>\r\n\t      \t<\/div>\r\n\t    <\/div>\r\n\t\t\t\t\t<\/div>\n\t\t\t\t<\/div>\n\t\t\t\t\t<\/div>\n\t\t<\/div>\n\t\t\t\t\t<\/div>\n\t\t<\/section>\n\t\t\t\t\t<\/div>\n\t\t<\/div>\n\t\t\t\t\t<\/div>\n\t\t<\/section>\n\t\t\t\t<section class=\"elementor-section elementor-top-section elementor-element elementor-element-11edd07 elementor-section-full_width elementor-section-height-default elementor-section-height-default exad-glass-effect-no exad-sticky-section-no\" data-id=\"11edd07\" data-element_type=\"section\" data-e-type=\"section\" data-settings=\"{&quot;background_background&quot;:&quot;classic&quot;}\">\n\t\t\t\t\t\t<div class=\"elementor-container elementor-column-gap-no\">\n\t\t\t\t\t<div class=\"elementor-column elementor-col-100 elementor-top-column elementor-element elementor-element-459c446 exad-glass-effect-no exad-sticky-section-no\" data-id=\"459c446\" data-element_type=\"column\" data-e-type=\"column\">\n\t\t\t<div class=\"elementor-widget-wrap elementor-element-populated\">\n\t\t\t\t\t\t<div class=\"elementor-element elementor-element-8f9f59b elementor-align-center exad-sticky-section-no exad-glass-effect-no elementor-widget elementor-widget-button\" data-id=\"8f9f59b\" data-element_type=\"widget\" data-e-type=\"widget\" data-widget_type=\"button.default\">\n\t\t\t\t<div class=\"elementor-widget-container\">\n\t\t\t\t\t\t\t\t\t<div class=\"elementor-button-wrapper\">\n\t\t\t\t\t<a class=\"elementor-button elementor-button-link elementor-size-sm\" href=\"#\">\n\t\t\t\t\t\t<span class=\"elementor-button-content-wrapper\">\n\t\t\t\t\t\t\t\t\t<span class=\"elementor-button-text\">Eventos anteriores<\/span>\n\t\t\t\t\t<\/span>\n\t\t\t\t\t<\/a>\n\t\t\t\t<\/div>\n\t\t\t\t\t\t\t\t<\/div>\n\t\t\t\t<\/div>\n\t\t\t\t<div class=\"elementor-element elementor-element-5ade1f2 exad-sticky-section-no exad-glass-effect-no elementor-widget elementor-widget-eael-image-accordion\" data-id=\"5ade1f2\" data-element_type=\"widget\" data-e-type=\"widget\" data-widget_type=\"eael-image-accordion.default\">\n\t\t\t\t<div class=\"elementor-widget-container\">\n\t\t\t\t\t    <div class=\"eael-img-accordion accordion-direction-horizontal eael-img-accordion-horizontal-align-center eael-img-accordion-vertical-align-center\" id=\"eael-img-accordion-5ade1f2\" data-img-accordion-id=\"5ade1f2\" data-img-accordion-type=\"on-hover\">\n                    \n            <div class=\"eael-image-accordion-hover eael-image-accordion-item\" style=\"background-image: url(https:\/\/si.fica.unsl.edu.ar\/wp-content\/uploads\/2024\/11\/Evento2024.jpg);\"  tabindex=\"0\">\n                <div class=\"overlay\">\n                                        <div class=\"overlay-inner \">\n                        <a href=\"https:\/\/si.fica.unsl.edu.ar\/index.php\/inicio-2024\/\"><h2 class=\"img-accordion-title\">EVENTO 2024<\/h2><\/a>                    <\/div>\n                <\/div>\n            <\/div>\n                    \n            <div class=\"eael-image-accordion-hover eael-image-accordion-item\" style=\"background-image: url(https:\/\/si.fica.unsl.edu.ar\/wp-content\/uploads\/2024\/03\/Evento2023.jpg);\"  tabindex=\"0\">\n                <div class=\"overlay\">\n                                        <div class=\"overlay-inner \">\n                        <a href=\"https:\/\/si.fica.unsl.edu.ar\/index.php\/inicio-2023\/\"><h2 class=\"img-accordion-title\">EVENTO 2023<\/h2><\/a>                    <\/div>\n                <\/div>\n            <\/div>\n                    \n            <div class=\"eael-image-accordion-hover eael-image-accordion-item\" style=\"background-image: url(https:\/\/si.fica.unsl.edu.ar\/wp-content\/uploads\/2024\/03\/Evento2022.jpg);\"  tabindex=\"0\">\n                <div class=\"overlay\">\n                                        <div class=\"overlay-inner \">\n                        <a href=\"https:\/\/si.fica.unsl.edu.ar\/index.php\/inicio-2022\/\"><h2 class=\"img-accordion-title\">EVENTO 2022<\/h2><\/a>                    <\/div>\n                <\/div>\n            <\/div>\n                <\/div>\n        <style typr=\"text\/css\">\n                    #eael-img-accordion-5ade1f2 .eael-image-accordion-hover:hover {\n                        flex: 3 1 0% !important;\n                    }\n                    #eael-img-accordion-5ade1f2 .eael-image-accordion-hover:hover:hover .overlay-inner * {\n                        opacity: 1;\n                        visibility: visible;\n                        transform: none;\n                        transition: all .3s .3s;\n                    }\n                <\/style>\t\t\t\t<\/div>\n\t\t\t\t<\/div>\n\t\t\t\t\t<\/div>\n\t\t<\/div>\n\t\t\t\t\t<\/div>\n\t\t<\/section>\n\t\t\t\t<\/div>\n\t\t","protected":false},"excerpt":{"rendered":"<p>Fotos del evento 2022 6 al 10 de junio Con el objetivo\u00a0de conmemorar este importante acontecimiento, la\u00a0FICA\u00a0organiza una serie de actividades con el fin de&hellip;<\/p>\n","protected":false},"author":5,"featured_media":0,"parent":0,"menu_order":0,"comment_status":"closed","ping_status":"closed","template":"elementor_header_footer","meta":{"_monsterinsights_skip_tracking":false,"_monsterinsights_sitenote_active":false,"_monsterinsights_sitenote_note":"","_monsterinsights_sitenote_category":0,"footnotes":""},"class_list":["post-2399","page","type-page","status-publish","hentry"],"yoast_head":"<!-- This site is optimized with the Yoast SEO plugin v27.3 - https:\/\/yoast.com\/product\/yoast-seo-wordpress\/ -->\n<title>Inicio-2022 - Semana de la Ingenier\u00eda - Semana FICA<\/title>\n<meta name=\"robots\" content=\"index, follow, max-snippet:-1, max-image-preview:large, max-video-preview:-1\" \/>\n<link rel=\"canonical\" href=\"https:\/\/si.fica.unsl.edu.ar\/index.php\/inicio-2022\/\" \/>\n<meta property=\"og:locale\" content=\"es_ES\" \/>\n<meta property=\"og:type\" content=\"article\" \/>\n<meta property=\"og:title\" content=\"Inicio-2022 - Semana de la Ingenier\u00eda - Semana FICA\" \/>\n<meta property=\"og:description\" content=\"Fotos del evento 2022 6 al 10 de junio Con el objetivo\u00a0de conmemorar este importante acontecimiento, la\u00a0FICA\u00a0organiza una serie de actividades con el fin de&hellip;\" \/>\n<meta property=\"og:url\" content=\"https:\/\/si.fica.unsl.edu.ar\/index.php\/inicio-2022\/\" \/>\n<meta property=\"og:site_name\" content=\"Semana de la Ingenier\u00eda - Semana FICA\" \/>\n<meta property=\"article:modified_time\" content=\"2024-11-28T16:05:00+00:00\" \/>\n<meta property=\"og:image\" content=\"https:\/\/si.fica.unsl.edu.ar\/wp-content\/uploads\/2022\/06\/fotos-1024x347.jpg\" \/>\n<meta name=\"twitter:card\" content=\"summary_large_image\" \/>\n<meta name=\"twitter:label1\" content=\"Tiempo de lectura\" \/>\n\t<meta name=\"twitter:data1\" content=\"3 minutos\" \/>\n<script type=\"application\/ld+json\" class=\"yoast-schema-graph\">{\"@context\":\"https:\\\/\\\/schema.org\",\"@graph\":[{\"@type\":\"WebPage\",\"@id\":\"https:\\\/\\\/si.fica.unsl.edu.ar\\\/index.php\\\/inicio-2022\\\/\",\"url\":\"https:\\\/\\\/si.fica.unsl.edu.ar\\\/index.php\\\/inicio-2022\\\/\",\"name\":\"Inicio-2022 - Semana de la Ingenier\u00eda - Semana FICA\",\"isPartOf\":{\"@id\":\"https:\\\/\\\/si.fica.unsl.edu.ar\\\/#website\"},\"primaryImageOfPage\":{\"@id\":\"https:\\\/\\\/si.fica.unsl.edu.ar\\\/index.php\\\/inicio-2022\\\/#primaryimage\"},\"image\":{\"@id\":\"https:\\\/\\\/si.fica.unsl.edu.ar\\\/index.php\\\/inicio-2022\\\/#primaryimage\"},\"thumbnailUrl\":\"https:\\\/\\\/si.fica.unsl.edu.ar\\\/wp-content\\\/uploads\\\/2022\\\/06\\\/fotos-1024x347.jpg\",\"datePublished\":\"2022-09-07T14:19:06+00:00\",\"dateModified\":\"2024-11-28T16:05:00+00:00\",\"breadcrumb\":{\"@id\":\"https:\\\/\\\/si.fica.unsl.edu.ar\\\/index.php\\\/inicio-2022\\\/#breadcrumb\"},\"inLanguage\":\"es-AR\",\"potentialAction\":[{\"@type\":\"ReadAction\",\"target\":[\"https:\\\/\\\/si.fica.unsl.edu.ar\\\/index.php\\\/inicio-2022\\\/\"]}]},{\"@type\":\"ImageObject\",\"inLanguage\":\"es-AR\",\"@id\":\"https:\\\/\\\/si.fica.unsl.edu.ar\\\/index.php\\\/inicio-2022\\\/#primaryimage\",\"url\":\"https:\\\/\\\/si.fica.unsl.edu.ar\\\/wp-content\\\/uploads\\\/2022\\\/06\\\/fotos.jpg\",\"contentUrl\":\"https:\\\/\\\/si.fica.unsl.edu.ar\\\/wp-content\\\/uploads\\\/2022\\\/06\\\/fotos.jpg\",\"width\":1123,\"height\":380},{\"@type\":\"BreadcrumbList\",\"@id\":\"https:\\\/\\\/si.fica.unsl.edu.ar\\\/index.php\\\/inicio-2022\\\/#breadcrumb\",\"itemListElement\":[{\"@type\":\"ListItem\",\"position\":1,\"name\":\"Inicio\",\"item\":\"https:\\\/\\\/si.fica.unsl.edu.ar\\\/\"},{\"@type\":\"ListItem\",\"position\":2,\"name\":\"Inicio-2022\"}]},{\"@type\":\"WebSite\",\"@id\":\"https:\\\/\\\/si.fica.unsl.edu.ar\\\/#website\",\"url\":\"https:\\\/\\\/si.fica.unsl.edu.ar\\\/\",\"name\":\"Semana de la Ingenier\u00eda - Semana FICA\",\"description\":\"\",\"publisher\":{\"@id\":\"https:\\\/\\\/si.fica.unsl.edu.ar\\\/#organization\"},\"potentialAction\":[{\"@type\":\"SearchAction\",\"target\":{\"@type\":\"EntryPoint\",\"urlTemplate\":\"https:\\\/\\\/si.fica.unsl.edu.ar\\\/?s={search_term_string}\"},\"query-input\":{\"@type\":\"PropertyValueSpecification\",\"valueRequired\":true,\"valueName\":\"search_term_string\"}}],\"inLanguage\":\"es-AR\"},{\"@type\":\"Organization\",\"@id\":\"https:\\\/\\\/si.fica.unsl.edu.ar\\\/#organization\",\"name\":\"SAC- Secretar\u00eda Acad\u00e9mica FICA\",\"url\":\"https:\\\/\\\/si.fica.unsl.edu.ar\\\/\",\"logo\":{\"@type\":\"ImageObject\",\"inLanguage\":\"es-AR\",\"@id\":\"https:\\\/\\\/si.fica.unsl.edu.ar\\\/#\\\/schema\\\/logo\\\/image\\\/\",\"url\":\"https:\\\/\\\/si.fica.unsl.edu.ar\\\/wp-content\\\/uploads\\\/2020\\\/11\\\/SAC.png\",\"contentUrl\":\"https:\\\/\\\/si.fica.unsl.edu.ar\\\/wp-content\\\/uploads\\\/2020\\\/11\\\/SAC.png\",\"width\":4484,\"height\":1231,\"caption\":\"SAC- Secretar\u00eda Acad\u00e9mica FICA\"},\"image\":{\"@id\":\"https:\\\/\\\/si.fica.unsl.edu.ar\\\/#\\\/schema\\\/logo\\\/image\\\/\"}}]}<\/script>\n<!-- \/ Yoast SEO plugin. -->","yoast_head_json":{"title":"Inicio-2022 - Semana de la Ingenier\u00eda - Semana FICA","robots":{"index":"index","follow":"follow","max-snippet":"max-snippet:-1","max-image-preview":"max-image-preview:large","max-video-preview":"max-video-preview:-1"},"canonical":"https:\/\/si.fica.unsl.edu.ar\/index.php\/inicio-2022\/","og_locale":"es_ES","og_type":"article","og_title":"Inicio-2022 - Semana de la Ingenier\u00eda - Semana FICA","og_description":"Fotos del evento 2022 6 al 10 de junio Con el objetivo\u00a0de conmemorar este importante acontecimiento, la\u00a0FICA\u00a0organiza una serie de actividades con el fin de&hellip;","og_url":"https:\/\/si.fica.unsl.edu.ar\/index.php\/inicio-2022\/","og_site_name":"Semana de la Ingenier\u00eda - Semana FICA","article_modified_time":"2024-11-28T16:05:00+00:00","og_image":[{"url":"https:\/\/si.fica.unsl.edu.ar\/wp-content\/uploads\/2022\/06\/fotos-1024x347.jpg","type":"","width":"","height":""}],"twitter_card":"summary_large_image","twitter_misc":{"Tiempo de lectura":"3 minutos"},"schema":{"@context":"https:\/\/schema.org","@graph":[{"@type":"WebPage","@id":"https:\/\/si.fica.unsl.edu.ar\/index.php\/inicio-2022\/","url":"https:\/\/si.fica.unsl.edu.ar\/index.php\/inicio-2022\/","name":"Inicio-2022 - Semana de la Ingenier\u00eda - Semana FICA","isPartOf":{"@id":"https:\/\/si.fica.unsl.edu.ar\/#website"},"primaryImageOfPage":{"@id":"https:\/\/si.fica.unsl.edu.ar\/index.php\/inicio-2022\/#primaryimage"},"image":{"@id":"https:\/\/si.fica.unsl.edu.ar\/index.php\/inicio-2022\/#primaryimage"},"thumbnailUrl":"https:\/\/si.fica.unsl.edu.ar\/wp-content\/uploads\/2022\/06\/fotos-1024x347.jpg","datePublished":"2022-09-07T14:19:06+00:00","dateModified":"2024-11-28T16:05:00+00:00","breadcrumb":{"@id":"https:\/\/si.fica.unsl.edu.ar\/index.php\/inicio-2022\/#breadcrumb"},"inLanguage":"es-AR","potentialAction":[{"@type":"ReadAction","target":["https:\/\/si.fica.unsl.edu.ar\/index.php\/inicio-2022\/"]}]},{"@type":"ImageObject","inLanguage":"es-AR","@id":"https:\/\/si.fica.unsl.edu.ar\/index.php\/inicio-2022\/#primaryimage","url":"https:\/\/si.fica.unsl.edu.ar\/wp-content\/uploads\/2022\/06\/fotos.jpg","contentUrl":"https:\/\/si.fica.unsl.edu.ar\/wp-content\/uploads\/2022\/06\/fotos.jpg","width":1123,"height":380},{"@type":"BreadcrumbList","@id":"https:\/\/si.fica.unsl.edu.ar\/index.php\/inicio-2022\/#breadcrumb","itemListElement":[{"@type":"ListItem","position":1,"name":"Inicio","item":"https:\/\/si.fica.unsl.edu.ar\/"},{"@type":"ListItem","position":2,"name":"Inicio-2022"}]},{"@type":"WebSite","@id":"https:\/\/si.fica.unsl.edu.ar\/#website","url":"https:\/\/si.fica.unsl.edu.ar\/","name":"Semana de la Ingenier\u00eda - Semana FICA","description":"","publisher":{"@id":"https:\/\/si.fica.unsl.edu.ar\/#organization"},"potentialAction":[{"@type":"SearchAction","target":{"@type":"EntryPoint","urlTemplate":"https:\/\/si.fica.unsl.edu.ar\/?s={search_term_string}"},"query-input":{"@type":"PropertyValueSpecification","valueRequired":true,"valueName":"search_term_string"}}],"inLanguage":"es-AR"},{"@type":"Organization","@id":"https:\/\/si.fica.unsl.edu.ar\/#organization","name":"SAC- Secretar\u00eda Acad\u00e9mica FICA","url":"https:\/\/si.fica.unsl.edu.ar\/","logo":{"@type":"ImageObject","inLanguage":"es-AR","@id":"https:\/\/si.fica.unsl.edu.ar\/#\/schema\/logo\/image\/","url":"https:\/\/si.fica.unsl.edu.ar\/wp-content\/uploads\/2020\/11\/SAC.png","contentUrl":"https:\/\/si.fica.unsl.edu.ar\/wp-content\/uploads\/2020\/11\/SAC.png","width":4484,"height":1231,"caption":"SAC- Secretar\u00eda Acad\u00e9mica FICA"},"image":{"@id":"https:\/\/si.fica.unsl.edu.ar\/#\/schema\/logo\/image\/"}}]}},"_links":{"self":[{"href":"https:\/\/si.fica.unsl.edu.ar\/index.php\/wp-json\/wp\/v2\/pages\/2399","targetHints":{"allow":["GET"]}}],"collection":[{"href":"https:\/\/si.fica.unsl.edu.ar\/index.php\/wp-json\/wp\/v2\/pages"}],"about":[{"href":"https:\/\/si.fica.unsl.edu.ar\/index.php\/wp-json\/wp\/v2\/types\/page"}],"author":[{"embeddable":true,"href":"https:\/\/si.fica.unsl.edu.ar\/index.php\/wp-json\/wp\/v2\/users\/5"}],"replies":[{"embeddable":true,"href":"https:\/\/si.fica.unsl.edu.ar\/index.php\/wp-json\/wp\/v2\/comments?post=2399"}],"version-history":[{"count":22,"href":"https:\/\/si.fica.unsl.edu.ar\/index.php\/wp-json\/wp\/v2\/pages\/2399\/revisions"}],"predecessor-version":[{"id":3564,"href":"https:\/\/si.fica.unsl.edu.ar\/index.php\/wp-json\/wp\/v2\/pages\/2399\/revisions\/3564"}],"wp:attachment":[{"href":"https:\/\/si.fica.unsl.edu.ar\/index.php\/wp-json\/wp\/v2\/media?parent=2399"}],"curies":[{"name":"wp","href":"https:\/\/api.w.org\/{rel}","templated":true}]}}