{"id":2401,"date":"2022-09-07T11:20:15","date_gmt":"2022-09-07T14:20:15","guid":{"rendered":"http:\/\/10.101.10.196\/si\/?page_id=2401"},"modified":"2022-09-07T11:34:21","modified_gmt":"2022-09-07T14:34:21","slug":"cronograma-de-actividades-2022","status":"publish","type":"page","link":"https:\/\/si.fica.unsl.edu.ar\/index.php\/cronograma-de-actividades-2022\/","title":{"rendered":"Cronograma de Actividades 2022"},"content":{"rendered":"\t\t<div data-elementor-type=\"wp-page\" data-elementor-id=\"2401\" class=\"elementor elementor-2401\">\n\t\t\t\t\t\t<section class=\"elementor-section elementor-top-section elementor-element elementor-element-03b04d0 elementor-section-full_width elementor-section-height-default elementor-section-height-default exad-glass-effect-no exad-sticky-section-no\" data-id=\"03b04d0\" data-element_type=\"section\" data-e-type=\"section\">\n\t\t\t\t\t\t<div class=\"elementor-container elementor-column-gap-no\">\n\t\t\t\t\t<div class=\"elementor-column elementor-col-100 elementor-top-column elementor-element elementor-element-cde109a exad-glass-effect-no exad-sticky-section-no\" data-id=\"cde109a\" data-element_type=\"column\" data-e-type=\"column\">\n\t\t\t<div class=\"elementor-widget-wrap elementor-element-populated\">\n\t\t\t\t\t\t<div class=\"elementor-element elementor-element-d47ce03 exad-sticky-section-no exad-glass-effect-no elementor-widget elementor-widget-eael-fancy-text\" data-id=\"d47ce03\" data-element_type=\"widget\" data-e-type=\"widget\" data-widget_type=\"eael-fancy-text.default\">\n\t\t\t\t<div class=\"elementor-widget-container\">\n\t\t\t\t\t\n\t<div  class=\"eael-fancy-text-container style-1\" data-fancy-text-id=\"d47ce03\" data-fancy-text=\"|CRONOGRAMA DE ACTIVIDADES 2022\" data-fancy-text-transition-type=\"typing\" data-fancy-text-speed=\"50\" data-fancy-text-delay=\"2500\" data-fancy-text-cursor=\"yes\" data-fancy-text-loop=\"yes\" data-fancy-text-action=\"page_load\" >\n\t\t\n\t\t\n\t\t\t\t\t<span id=\"eael-fancy-text-d47ce03\" class=\"eael-fancy-text-strings \">\n\t\t\t\t<noscript>\n\t\t\t\t\tCRONOGRAMA DE ACTIVIDADES 2022\t\t\t\t<\/noscript>\n\t\t\t<\/span>\n\t\t\n\t\t\t<\/div><!-- close .eael-fancy-text-container -->\n\n\t<div class=\"clearfix\"><\/div>\n\n\t\t\t\t\t<\/div>\n\t\t\t\t<\/div>\n\t\t\t\t<section class=\"elementor-section elementor-inner-section elementor-element elementor-element-4b9768a elementor-section-full_width elementor-section-height-default elementor-section-height-default exad-glass-effect-no exad-sticky-section-no\" data-id=\"4b9768a\" data-element_type=\"section\" data-e-type=\"section\">\n\t\t\t\t\t\t<div class=\"elementor-container elementor-column-gap-default\">\n\t\t\t\t\t<div class=\"elementor-column elementor-col-20 elementor-inner-column elementor-element elementor-element-67b7b9f exad-glass-effect-no exad-sticky-section-no\" data-id=\"67b7b9f\" data-element_type=\"column\" data-e-type=\"column\">\n\t\t\t<div class=\"elementor-widget-wrap\">\n\t\t\t\t\t\t\t<\/div>\n\t\t<\/div>\n\t\t\t\t<div class=\"elementor-column elementor-col-20 elementor-inner-column elementor-element elementor-element-1f46546 exad-glass-effect-no exad-sticky-section-no\" data-id=\"1f46546\" data-element_type=\"column\" data-e-type=\"column\">\n\t\t\t<div class=\"elementor-widget-wrap elementor-element-populated\">\n\t\t\t\t\t\t<div class=\"elementor-element elementor-element-3da34c8 exad-sticky-section-no exad-glass-effect-no elementor-widget elementor-widget-image\" data-id=\"3da34c8\" data-element_type=\"widget\" data-e-type=\"widget\" data-widget_type=\"image.default\">\n\t\t\t\t<div class=\"elementor-widget-container\">\n\t\t\t\t\t\t\t\t\t\t\t\t\t\t\t<img fetchpriority=\"high\" decoding=\"async\" width=\"512\" height=\"512\" src=\"https:\/\/si.fica.unsl.edu.ar\/wp-content\/uploads\/2022\/05\/calendario.png\" class=\"attachment-large size-large wp-image-1552\" alt=\"\" srcset=\"https:\/\/si.fica.unsl.edu.ar\/wp-content\/uploads\/2022\/05\/calendario.png 512w, https:\/\/si.fica.unsl.edu.ar\/wp-content\/uploads\/2022\/05\/calendario-300x300.png 300w, https:\/\/si.fica.unsl.edu.ar\/wp-content\/uploads\/2022\/05\/calendario-150x150.png 150w\" sizes=\"(max-width: 512px) 100vw, 512px\" \/>\t\t\t\t\t\t\t\t\t\t\t\t\t\t\t<\/div>\n\t\t\t\t<\/div>\n\t\t\t\t\t<\/div>\n\t\t<\/div>\n\t\t\t\t<div class=\"elementor-column elementor-col-20 elementor-inner-column elementor-element elementor-element-3e0e0a3 exad-glass-effect-no exad-sticky-section-no\" data-id=\"3e0e0a3\" data-element_type=\"column\" data-e-type=\"column\">\n\t\t\t<div class=\"elementor-widget-wrap elementor-element-populated\">\n\t\t\t\t\t\t<div class=\"elementor-element elementor-element-3aa5027 exad-sticky-section-no exad-glass-effect-no elementor-widget elementor-widget-text-editor\" data-id=\"3aa5027\" data-element_type=\"widget\" data-e-type=\"widget\" data-widget_type=\"text-editor.default\">\n\t\t\t\t<div class=\"elementor-widget-container\">\n\t\t\t\t\t\t\t\t\t<p><span style=\"font-size: 18pt;\">Semana del <strong>06<\/strong> al <strong>10<\/strong> de junio 2022<\/span><\/p>\t\t\t\t\t\t\t\t<\/div>\n\t\t\t\t<\/div>\n\t\t\t\t\t<\/div>\n\t\t<\/div>\n\t\t\t\t<div class=\"elementor-column elementor-col-20 elementor-inner-column elementor-element elementor-element-6eaf28d exad-glass-effect-no exad-sticky-section-no\" data-id=\"6eaf28d\" data-element_type=\"column\" data-e-type=\"column\">\n\t\t\t<div class=\"elementor-widget-wrap\">\n\t\t\t\t\t\t\t<\/div>\n\t\t<\/div>\n\t\t\t\t<div class=\"elementor-column elementor-col-20 elementor-inner-column elementor-element elementor-element-c61ba05 exad-glass-effect-no exad-sticky-section-no\" data-id=\"c61ba05\" data-element_type=\"column\" data-e-type=\"column\">\n\t\t\t<div class=\"elementor-widget-wrap elementor-element-populated\">\n\t\t\t\t\t\t<div class=\"elementor-element elementor-element-5d623c8 elementor-view-default elementor-position-block-start elementor-mobile-position-block-start exad-sticky-section-no exad-glass-effect-no elementor-widget elementor-widget-icon-box\" data-id=\"5d623c8\" data-element_type=\"widget\" data-e-type=\"widget\" data-widget_type=\"icon-box.default\">\n\t\t\t\t<div class=\"elementor-widget-container\">\n\t\t\t\t\t\t\t<div class=\"elementor-icon-box-wrapper\">\n\n\t\t\t\t\t\t<div class=\"elementor-icon-box-icon\">\n\t\t\t\t<a href=\"https:\/\/si.fica.unsl.edu.ar\/wp-content\/uploads\/2022\/06\/Cronograma-SI-FICA.pdf\" target=\"_blank\" class=\"elementor-icon\" tabindex=\"-1\">\n\t\t\t\t<i aria-hidden=\"true\" class=\"fas fa-file-pdf\"><\/i>\t\t\t\t<\/a>\n\t\t\t<\/div>\n\t\t\t\n\t\t\t\t\t\t<div class=\"elementor-icon-box-content\">\n\n\t\t\t\t\n\t\t\t\t\t\t\t\t\t<p class=\"elementor-icon-box-description\">\n\t\t\t\t\t\tDescargar Cronograma de Actividades\t\t\t\t\t<\/p>\n\t\t\t\t\n\t\t\t<\/div>\n\t\t\t\n\t\t<\/div>\n\t\t\t\t\t\t<\/div>\n\t\t\t\t<\/div>\n\t\t\t\t\t<\/div>\n\t\t<\/div>\n\t\t\t\t\t<\/div>\n\t\t<\/section>\n\t\t\t\t<section class=\"elementor-section elementor-inner-section elementor-element elementor-element-7d28ac5 elementor-section-boxed elementor-section-height-default elementor-section-height-default exad-glass-effect-no exad-sticky-section-no\" data-id=\"7d28ac5\" data-element_type=\"section\" data-e-type=\"section\">\n\t\t\t\t\t\t<div class=\"elementor-container elementor-column-gap-no\">\n\t\t\t\t\t<div class=\"elementor-column elementor-col-100 elementor-inner-column elementor-element elementor-element-34fa004 exad-glass-effect-no exad-sticky-section-no\" data-id=\"34fa004\" data-element_type=\"column\" data-e-type=\"column\">\n\t\t\t<div class=\"elementor-widget-wrap elementor-element-populated\">\n\t\t\t\t\t\t<div class=\"elementor-element elementor-element-d6aed73 exad-sticky-section-no exad-glass-effect-no elementor-widget elementor-widget-heading\" data-id=\"d6aed73\" data-element_type=\"widget\" data-e-type=\"widget\" data-widget_type=\"heading.default\">\n\t\t\t\t<div class=\"elementor-widget-container\">\n\t\t\t\t\t<h2 class=\"elementor-heading-title elementor-size-default\">LUNES 6\/6\/2022<\/h2>\t\t\t\t<\/div>\n\t\t\t\t<\/div>\n\t\t\t\t<div class=\"elementor-element elementor-element-302135a exad-sticky-section-no exad-glass-effect-no elementor-widget elementor-widget-text-editor\" data-id=\"302135a\" data-element_type=\"widget\" data-e-type=\"widget\" data-widget_type=\"text-editor.default\">\n\t\t\t\t<div class=\"elementor-widget-container\">\n\t\t\t\t\t\t\t\t\t<p>18:00 h Escuela de Econom\u00eda y Transferencia Tecnol\u00f3gica (Pescadores 314)<\/p>\t\t\t\t\t\t\t\t<\/div>\n\t\t\t\t<\/div>\n\t\t\t\t<div class=\"elementor-element elementor-element-68d90f1 exad-sticky-section-no exad-glass-effect-no elementor-widget elementor-widget-text-editor\" data-id=\"68d90f1\" data-element_type=\"widget\" data-e-type=\"widget\" data-widget_type=\"text-editor.default\">\n\t\t\t\t<div class=\"elementor-widget-container\">\n\t\t\t\t\t\t\t\t\t<ul><li>Acto inaugural de la \u201cSemana de La Ingenier\u00eda &#8211; Semana FICA\u201d<\/li><li>Conferencia Inaugural: <strong>Industria 4.0 \u00bfMito o realidad?<\/strong> <br \/><span style=\"font-size: 10pt;\"><strong>Disertante:<\/strong> Ing. Daniel Morano<\/span><\/li><li>Brindis inaugural<\/li><\/ul>\t\t\t\t\t\t\t\t<\/div>\n\t\t\t\t<\/div>\n\t\t\t\t\t<\/div>\n\t\t<\/div>\n\t\t\t\t\t<\/div>\n\t\t<\/section>\n\t\t\t\t<section class=\"elementor-section elementor-inner-section elementor-element elementor-element-8a5e8da elementor-section-boxed elementor-section-height-default elementor-section-height-default exad-glass-effect-no exad-sticky-section-no\" data-id=\"8a5e8da\" data-element_type=\"section\" data-e-type=\"section\">\n\t\t\t\t\t\t<div class=\"elementor-container elementor-column-gap-no\">\n\t\t\t\t\t<div class=\"elementor-column elementor-col-100 elementor-inner-column elementor-element elementor-element-1e7891f exad-glass-effect-no exad-sticky-section-no\" data-id=\"1e7891f\" data-element_type=\"column\" data-e-type=\"column\">\n\t\t\t<div class=\"elementor-widget-wrap elementor-element-populated\">\n\t\t\t\t\t\t<div class=\"elementor-element elementor-element-0247ef2 exad-sticky-section-no exad-glass-effect-no elementor-widget elementor-widget-heading\" data-id=\"0247ef2\" data-element_type=\"widget\" data-e-type=\"widget\" data-widget_type=\"heading.default\">\n\t\t\t\t<div class=\"elementor-widget-container\">\n\t\t\t\t\t<h2 class=\"elementor-heading-title elementor-size-default\">MARTES 7\/6\/2022<\/h2>\t\t\t\t<\/div>\n\t\t\t\t<\/div>\n\t\t\t\t<div class=\"elementor-element elementor-element-6ba6e4e exad-sticky-section-no exad-glass-effect-no elementor-widget elementor-widget-text-editor\" data-id=\"6ba6e4e\" data-element_type=\"widget\" data-e-type=\"widget\" data-widget_type=\"text-editor.default\">\n\t\t\t\t<div class=\"elementor-widget-container\">\n\t\t\t\t\t\t\t\t\t<p>9:00 a 12:00 h Campus Universitario (Ruta Prov. 55 Ext. Norte)<\/p>\t\t\t\t\t\t\t\t<\/div>\n\t\t\t\t<\/div>\n\t\t\t\t<div class=\"elementor-element elementor-element-23ee849 exad-sticky-section-no exad-glass-effect-no elementor-widget elementor-widget-text-editor\" data-id=\"23ee849\" data-element_type=\"widget\" data-e-type=\"widget\" data-widget_type=\"text-editor.default\">\n\t\t\t\t<div class=\"elementor-widget-container\">\n\t\t\t\t\t\t\t\t\t<ul><li><strong>Exposici\u00f3n de ponencias<br \/><\/strong>Destinada a docentes, estudiantes y p\u00fablico en general.<br \/><strong>\u00c1rea A<\/strong> &#8211; Electromec\u00e1nica-Electr\u00f3nica-Mecatr\u00f3nica [Aula 132]<br \/><strong>\u00c1rea D<\/strong> &#8211; Qu\u00edmica y Alimentos [Aula 137]<\/li><\/ul><p style=\"text-align: center;\"><span style=\"color: #000080;\"><a style=\"color: #000080;\" href=\"https:\/\/si.fica.unsl.edu.ar\/wp-content\/uploads\/2022\/06\/Cronograma-SI-FICA.pdf\" target=\"_blank\" rel=\"noopener\">[Ver cronograma de Ponencias]<\/a><\/span><\/p>\t\t\t\t\t\t\t\t<\/div>\n\t\t\t\t<\/div>\n\t\t\t\t<div class=\"elementor-element elementor-element-3315357 exad-sticky-section-no exad-glass-effect-no elementor-widget elementor-widget-text-editor\" data-id=\"3315357\" data-element_type=\"widget\" data-e-type=\"widget\" data-widget_type=\"text-editor.default\">\n\t\t\t\t<div class=\"elementor-widget-container\">\n\t\t\t\t\t\t\t\t\t<p>10:30h Campus Universitario (Ruta Prov. 55 Ext. Norte)<\/p>\t\t\t\t\t\t\t\t<\/div>\n\t\t\t\t<\/div>\n\t\t\t\t<div class=\"elementor-element elementor-element-75e5371 exad-sticky-section-no exad-glass-effect-no elementor-widget elementor-widget-text-editor\" data-id=\"75e5371\" data-element_type=\"widget\" data-e-type=\"widget\" data-widget_type=\"text-editor.default\">\n\t\t\t\t<div class=\"elementor-widget-container\">\n\t\t\t\t\t\t\t\t\t<ul><li><strong>Actividad AArEII<\/strong> \u2013 Asociaci\u00f3n Argentina de estudiantes de Ingenier\u00eda Industrial [Aula 12]<br \/><span style=\"font-size: 10pt;\">Destinada a estudiantes de carreras relacionadas<\/span><\/li><\/ul>\t\t\t\t\t\t\t\t<\/div>\n\t\t\t\t<\/div>\n\t\t\t\t<div class=\"elementor-element elementor-element-1816eea exad-sticky-section-no exad-glass-effect-no elementor-widget elementor-widget-text-editor\" data-id=\"1816eea\" data-element_type=\"widget\" data-e-type=\"widget\" data-widget_type=\"text-editor.default\">\n\t\t\t\t<div class=\"elementor-widget-container\">\n\t\t\t\t\t\t\t\t\t<p>18:00 h Escuela de Econom\u00eda y Transferencia Tecnol\u00f3gica (Pescadores 314)<\/p>\t\t\t\t\t\t\t\t<\/div>\n\t\t\t\t<\/div>\n\t\t\t\t<div class=\"elementor-element elementor-element-405a88f exad-sticky-section-no exad-glass-effect-no elementor-widget elementor-widget-text-editor\" data-id=\"405a88f\" data-element_type=\"widget\" data-e-type=\"widget\" data-widget_type=\"text-editor.default\">\n\t\t\t\t<div class=\"elementor-widget-container\">\n\t\t\t\t\t\t\t\t\t<p style=\"text-align: left; padding-left: 40px;\"><strong><span style=\"font-size: 18pt;\">Energ\u00edas Renovables, \u00a1Energ\u00edas Limpias!<\/span><\/strong><\/p><ul><li style=\"list-style-type: none;\"><ul><li><strong>Conferencia:<\/strong> <strong>Energ\u00eda El\u00e9ctrica: Nuevos desaf\u00edos<\/strong><br \/><span style=\"font-size: 10pt;\"><strong>Disertante:<\/strong> Dr. Federico Serra<\/span><\/li><li><strong>Conferencia: De biog\u00e1s a hidr\u00f3geno, energ\u00eda renovable.<\/strong><br \/><span style=\"font-size: 10pt;\"><strong>Disertantes:<\/strong> Dra. Mar\u00eda Elena Iriarte \u2013 Mgtr. Mario Aguilera Merlo<\/span><\/li><\/ul><\/li><\/ul>\t\t\t\t\t\t\t\t<\/div>\n\t\t\t\t<\/div>\n\t\t\t\t\t<\/div>\n\t\t<\/div>\n\t\t\t\t\t<\/div>\n\t\t<\/section>\n\t\t\t\t<section class=\"elementor-section elementor-inner-section elementor-element elementor-element-39f216c elementor-section-boxed elementor-section-height-default elementor-section-height-default exad-glass-effect-no exad-sticky-section-no\" data-id=\"39f216c\" data-element_type=\"section\" data-e-type=\"section\">\n\t\t\t\t\t\t<div class=\"elementor-container elementor-column-gap-no\">\n\t\t\t\t\t<div class=\"elementor-column elementor-col-100 elementor-inner-column elementor-element elementor-element-6db4b82 exad-glass-effect-no exad-sticky-section-no\" data-id=\"6db4b82\" data-element_type=\"column\" data-e-type=\"column\">\n\t\t\t<div class=\"elementor-widget-wrap elementor-element-populated\">\n\t\t\t\t\t\t<div class=\"elementor-element elementor-element-e044216 exad-sticky-section-no exad-glass-effect-no elementor-widget elementor-widget-heading\" data-id=\"e044216\" data-element_type=\"widget\" data-e-type=\"widget\" data-widget_type=\"heading.default\">\n\t\t\t\t<div class=\"elementor-widget-container\">\n\t\t\t\t\t<h2 class=\"elementor-heading-title elementor-size-default\">MIERCOLES 8\/6\/2022<\/h2>\t\t\t\t<\/div>\n\t\t\t\t<\/div>\n\t\t\t\t<div class=\"elementor-element elementor-element-ed8684c exad-sticky-section-no exad-glass-effect-no elementor-widget elementor-widget-text-editor\" data-id=\"ed8684c\" data-element_type=\"widget\" data-e-type=\"widget\" data-widget_type=\"text-editor.default\">\n\t\t\t\t<div class=\"elementor-widget-container\">\n\t\t\t\t\t\t\t\t\t<p>9:00 a 11:00 h Campus Universitario (Ruta Prov. 55 Ext. Norte)<\/p>\t\t\t\t\t\t\t\t<\/div>\n\t\t\t\t<\/div>\n\t\t\t\t<div class=\"elementor-element elementor-element-5563302 exad-sticky-section-no exad-glass-effect-no elementor-widget elementor-widget-text-editor\" data-id=\"5563302\" data-element_type=\"widget\" data-e-type=\"widget\" data-widget_type=\"text-editor.default\">\n\t\t\t\t<div class=\"elementor-widget-container\">\n\t\t\t\t\t\t\t\t\t<ul><li><strong>Exposici\u00f3n de ponencias<br \/><\/strong>Destinada a docentes, estudiantes y p\u00fablico en general.<br \/><strong>\u00c1rea B<\/strong> &#8211; Ing. Industrial [Aula 132]<br \/><strong>\u00c1rea C<\/strong> &#8211; Ciencias Agropecuarias [Aula 13] <\/li><\/ul><p style=\"text-align: center;\"><span style=\"color: #000080;\"><a style=\"color: #000080;\" href=\"https:\/\/si.fica.unsl.edu.ar\/wp-content\/uploads\/2022\/06\/Cronograma-SI-FICA.pdf\" target=\"_blank\" rel=\"noopener\">[Ver cronograma de Ponencias]<\/a><\/span><\/p>\t\t\t\t\t\t\t\t<\/div>\n\t\t\t\t<\/div>\n\t\t\t\t<div class=\"elementor-element elementor-element-5637338 exad-sticky-section-no exad-glass-effect-no elementor-widget elementor-widget-text-editor\" data-id=\"5637338\" data-element_type=\"widget\" data-e-type=\"widget\" data-widget_type=\"text-editor.default\">\n\t\t\t\t<div class=\"elementor-widget-container\">\n\t\t\t\t\t\t\t\t\t<p>9:00 a 13:00h Modalidad Virtual<\/p>\t\t\t\t\t\t\t\t<\/div>\n\t\t\t\t<\/div>\n\t\t\t\t<div class=\"elementor-element elementor-element-71cdb9e exad-sticky-section-no exad-glass-effect-no elementor-widget elementor-widget-text-editor\" data-id=\"71cdb9e\" data-element_type=\"widget\" data-e-type=\"widget\" data-widget_type=\"text-editor.default\">\n\t\t\t\t<div class=\"elementor-widget-container\">\n\t\t\t\t\t\t\t\t\t<ul><li>Taller: <strong>\u201cNociones de estad\u00edstica y uso del lenguaje R\u201d<\/strong>.<br \/><strong>Destinatarios:<\/strong> Docentes, Estudiantes y P\u00fablico en general.<br \/><span style=\"font-size: 10pt;\"><strong>Responsable<\/strong>: Mgtr. Jorge Leporatti <\/span><br \/><span style=\"font-size: 10pt;\"><strong>Coordinaci\u00f3n<\/strong>: Ing. Gabriel Hidalgo mail:<span style=\"color: #000080;\"><a style=\"color: #000080;\" href=\"mailto:gabriel.hidalgo.unsl@gmail.com\">gabriel.hidalgo.unsl@gmail.com<\/a><\/span> <\/span><br \/><span style=\"font-size: 10pt;\"><strong>Inscripciones<\/strong>: <span style=\"color: #000080;\"><a style=\"color: #000080;\" href=\"https:\/\/bit.ly\/Cursoest-R\">https:\/\/bit.ly\/Cursoest-R<\/a><\/span><\/span><\/li><\/ul>\t\t\t\t\t\t\t\t<\/div>\n\t\t\t\t<\/div>\n\t\t\t\t<div class=\"elementor-element elementor-element-32633c7 exad-sticky-section-no exad-glass-effect-no elementor-widget elementor-widget-text-editor\" data-id=\"32633c7\" data-element_type=\"widget\" data-e-type=\"widget\" data-widget_type=\"text-editor.default\">\n\t\t\t\t<div class=\"elementor-widget-container\">\n\t\t\t\t\t\t\t\t\t<p>9:00 a 11:00h Campus Universitario [Aula 12]<\/p>\t\t\t\t\t\t\t\t<\/div>\n\t\t\t\t<\/div>\n\t\t\t\t<div class=\"elementor-element elementor-element-476eec7 exad-sticky-section-no exad-glass-effect-no elementor-widget elementor-widget-text-editor\" data-id=\"476eec7\" data-element_type=\"widget\" data-e-type=\"widget\" data-widget_type=\"text-editor.default\">\n\t\t\t\t<div class=\"elementor-widget-container\">\n\t\t\t\t\t\t\t\t\t<ul><li>Charla: <strong>Tareas experimentales en el desarrollo de agroalimentos<\/strong><br \/><span style=\"font-size: 10pt;\"><strong>Disertantes<\/strong>: Comelli Nora Alejandra &#8211; Costanzo Maria Magdalena<\/span><\/li><li>Charla: <strong>Nanomateriales y Aplicaciones Ambientales<\/strong><br \/><span style=\"font-size: 10pt;\"><strong>Disertantes<\/strong>: Mar\u00eda Lucia Ruiz &#8211; Mar\u00eda de los Angeles Cangiano &#8211; Maria Cecilia Avila &#8211; <\/span><span style=\"font-size: 10pt;\">Cecilia de los \u00c1ngeles Fernandez<\/span><\/li><\/ul>\t\t\t\t\t\t\t\t<\/div>\n\t\t\t\t<\/div>\n\t\t\t\t<div class=\"elementor-element elementor-element-f89d8d0 exad-sticky-section-no exad-glass-effect-no elementor-widget elementor-widget-text-editor\" data-id=\"f89d8d0\" data-element_type=\"widget\" data-e-type=\"widget\" data-widget_type=\"text-editor.default\">\n\t\t\t\t<div class=\"elementor-widget-container\">\n\t\t\t\t\t\t\t\t\t<p>11:00 h Campus Universitario (Ruta Prov. 55 Ext. Norte) [Aula 132]<\/p>\t\t\t\t\t\t\t\t<\/div>\n\t\t\t\t<\/div>\n\t\t\t\t<div class=\"elementor-element elementor-element-23c2151 exad-sticky-section-no exad-glass-effect-no elementor-widget elementor-widget-text-editor\" data-id=\"23c2151\" data-element_type=\"widget\" data-e-type=\"widget\" data-widget_type=\"text-editor.default\">\n\t\t\t\t<div class=\"elementor-widget-container\">\n\t\t\t\t\t\t\t\t\t<p style=\"padding-left: 40px;\">Conferencia: <strong>Ejercicio legal de la profesi\u00f3n, matriculaci\u00f3n y responsabilidades profesionales.<\/strong> <br \/><span style=\"font-size: 10pt;\"><strong>Disertante<\/strong>: Ing. Alejandro Kane. Presidente del Colegio de Ingenieros y T\u00e9cnicos de la Ingenier\u00eda de la provincia de San Luis- CINYTEC<\/span><\/p>\t\t\t\t\t\t\t\t<\/div>\n\t\t\t\t<\/div>\n\t\t\t\t<div class=\"elementor-element elementor-element-10ba144 exad-sticky-section-no exad-glass-effect-no elementor-widget elementor-widget-text-editor\" data-id=\"10ba144\" data-element_type=\"widget\" data-e-type=\"widget\" data-widget_type=\"text-editor.default\">\n\t\t\t\t<div class=\"elementor-widget-container\">\n\t\t\t\t\t\t\t\t\t<p>18:00 h Escuela de Econom\u00eda y Transferencia Tecnol\u00f3gica (Pescadores 314)<\/p>\t\t\t\t\t\t\t\t<\/div>\n\t\t\t\t<\/div>\n\t\t\t\t<div class=\"elementor-element elementor-element-069b6b9 exad-sticky-section-no exad-glass-effect-no elementor-widget elementor-widget-text-editor\" data-id=\"069b6b9\" data-element_type=\"widget\" data-e-type=\"widget\" data-widget_type=\"text-editor.default\">\n\t\t\t\t<div class=\"elementor-widget-container\">\n\t\t\t\t\t\t\t\t\t<p style=\"text-align: left; padding-left: 40px;\"><strong><span style=\"font-size: 18pt;\">Rob\u00f3tica, Drones y algo mas<\/span><\/strong><\/p><ul><li style=\"list-style-type: none;\"><ul><li><strong>Conferencia<\/strong>: <strong>Drones: energ\u00eda e\u00f3lica y solar<\/strong> <br \/><span style=\"font-size: 10pt;\"><strong>Disertantes<\/strong>: Dr. Guillermo Catuogno \u2013 Ing. Gast\u00f3n Frias<\/span><\/li><li><strong>Conferencia<\/strong>: <strong>Dise\u00f1o y Construcci\u00f3n de un Robot en la FICA<\/strong> <br \/><span style=\"font-size: 10pt;\"><strong>Disertantes<\/strong>: Ing. Gabriel Iglesias &#8211; Sr. Elio Ogas<\/span><\/li><\/ul><\/li><\/ul>\t\t\t\t\t\t\t\t<\/div>\n\t\t\t\t<\/div>\n\t\t\t\t\t<\/div>\n\t\t<\/div>\n\t\t\t\t\t<\/div>\n\t\t<\/section>\n\t\t\t\t<section class=\"elementor-section elementor-inner-section elementor-element elementor-element-edcf8f0 elementor-section-boxed elementor-section-height-default elementor-section-height-default exad-glass-effect-no exad-sticky-section-no\" data-id=\"edcf8f0\" data-element_type=\"section\" data-e-type=\"section\">\n\t\t\t\t\t\t<div class=\"elementor-container elementor-column-gap-no\">\n\t\t\t\t\t<div class=\"elementor-column elementor-col-100 elementor-inner-column elementor-element elementor-element-e06ebd1 exad-glass-effect-no exad-sticky-section-no\" data-id=\"e06ebd1\" data-element_type=\"column\" data-e-type=\"column\">\n\t\t\t<div class=\"elementor-widget-wrap elementor-element-populated\">\n\t\t\t\t\t\t<div class=\"elementor-element elementor-element-0b83900 exad-sticky-section-no exad-glass-effect-no elementor-widget elementor-widget-heading\" data-id=\"0b83900\" data-element_type=\"widget\" data-e-type=\"widget\" data-widget_type=\"heading.default\">\n\t\t\t\t<div class=\"elementor-widget-container\">\n\t\t\t\t\t<h2 class=\"elementor-heading-title elementor-size-default\">JUEVES 9\/6\/2022<\/h2>\t\t\t\t<\/div>\n\t\t\t\t<\/div>\n\t\t\t\t<div class=\"elementor-element elementor-element-0c51a9c exad-sticky-section-no exad-glass-effect-no elementor-widget elementor-widget-text-editor\" data-id=\"0c51a9c\" data-element_type=\"widget\" data-e-type=\"widget\" data-widget_type=\"text-editor.default\">\n\t\t\t\t<div class=\"elementor-widget-container\">\n\t\t\t\t\t\t\t\t\t<p>9:00 a 12:00 h Campus Universitario (Ruta Prov. 55 Ext. Norte)<\/p>\t\t\t\t\t\t\t\t<\/div>\n\t\t\t\t<\/div>\n\t\t\t\t<div class=\"elementor-element elementor-element-a2ca910 exad-sticky-section-no exad-glass-effect-no elementor-widget elementor-widget-text-editor\" data-id=\"a2ca910\" data-element_type=\"widget\" data-e-type=\"widget\" data-widget_type=\"text-editor.default\">\n\t\t\t\t<div class=\"elementor-widget-container\">\n\t\t\t\t\t\t\t\t\t<ul><li><strong>Exposici\u00f3n de ponencias<br \/><\/strong>Destinada a docentes, estudiantes y p\u00fablico en general.<br \/><strong>\u00c1rea D<\/strong> &#8211; Qu\u00edmica y Alimentos [Aula 10]<br \/><strong>\u00c1rea E<\/strong>&#8211; Educaci\u00f3n en Ingenier\u00eda y vinculaci\u00f3n [Aula 2]<\/li><\/ul><p style=\"text-align: center;\"><span style=\"color: #000080;\"><a style=\"color: #000080;\" href=\"https:\/\/si.fica.unsl.edu.ar\/wp-content\/uploads\/2022\/06\/Cronograma-SI-FICA.pdf\" target=\"_blank\" rel=\"noopener\">[Ver cronograma de Ponencias]<\/a><\/span><\/p>\t\t\t\t\t\t\t\t<\/div>\n\t\t\t\t<\/div>\n\t\t\t\t<div class=\"elementor-element elementor-element-795fc39 exad-sticky-section-no exad-glass-effect-no elementor-widget elementor-widget-text-editor\" data-id=\"795fc39\" data-element_type=\"widget\" data-e-type=\"widget\" data-widget_type=\"text-editor.default\">\n\t\t\t\t<div class=\"elementor-widget-container\">\n\t\t\t\t\t\t\t\t\t<p>11:00 a 12:00 h Campus Universitario (Ruta Prov. 55 Ext. Norte) [Aula 12]<\/p>\t\t\t\t\t\t\t\t<\/div>\n\t\t\t\t<\/div>\n\t\t\t\t<div class=\"elementor-element elementor-element-f1417ae exad-sticky-section-no exad-glass-effect-no elementor-widget elementor-widget-text-editor\" data-id=\"f1417ae\" data-element_type=\"widget\" data-e-type=\"widget\" data-widget_type=\"text-editor.default\">\n\t\t\t\t<div class=\"elementor-widget-container\">\n\t\t\t\t\t\t\t\t\t<ul><li>Charla: <strong>Alfabetizaci\u00f3n ambiental de los alumnos de la carrera de <\/strong><strong>agronom\u00eda fica<\/strong><br \/><span style=\"font-size: 10pt;\"><strong>Disertantes<\/strong>: Celdran Diego Javier<\/span><\/li><\/ul>\t\t\t\t\t\t\t\t<\/div>\n\t\t\t\t<\/div>\n\t\t\t\t<div class=\"elementor-element elementor-element-2207cf3 exad-sticky-section-no exad-glass-effect-no elementor-widget elementor-widget-text-editor\" data-id=\"2207cf3\" data-element_type=\"widget\" data-e-type=\"widget\" data-widget_type=\"text-editor.default\">\n\t\t\t\t<div class=\"elementor-widget-container\">\n\t\t\t\t\t\t\t\t\t<p>10:30 h Campus Universitario (Ruta Prov. 55 Ext. Norte) [Aula 11]<\/p>\t\t\t\t\t\t\t\t<\/div>\n\t\t\t\t<\/div>\n\t\t\t\t<div class=\"elementor-element elementor-element-60473f4 exad-sticky-section-no exad-glass-effect-no elementor-widget elementor-widget-text-editor\" data-id=\"60473f4\" data-element_type=\"widget\" data-e-type=\"widget\" data-widget_type=\"text-editor.default\">\n\t\t\t\t<div class=\"elementor-widget-container\">\n\t\t\t\t\t\t\t\t\t<ul><li>Actividad de la Rama estudiantil IEEE (Institute of Electrical and Electronics Engineers)<br \/><strong>Bases de Programaci\u00f3n, Impresi\u00f3n 3D y \u00bfqu\u00e9 es IEEE?<\/strong><br \/>Destinada a estudiantes del \u00faltimo a\u00f1o del secundario y de los primeros a\u00f1os de la facultad.<\/li><\/ul>\t\t\t\t\t\t\t\t<\/div>\n\t\t\t\t<\/div>\n\t\t\t\t<div class=\"elementor-element elementor-element-7a37366 exad-sticky-section-no exad-glass-effect-no elementor-widget elementor-widget-text-editor\" data-id=\"7a37366\" data-element_type=\"widget\" data-e-type=\"widget\" data-widget_type=\"text-editor.default\">\n\t\t\t\t<div class=\"elementor-widget-container\">\n\t\t\t\t\t\t\t\t\t<p>18:00 h Escuela de Econom\u00eda y Transferencia Tecnol\u00f3gica (Pescadores 314)<\/p>\t\t\t\t\t\t\t\t<\/div>\n\t\t\t\t<\/div>\n\t\t\t\t<div class=\"elementor-element elementor-element-d1e819d exad-sticky-section-no exad-glass-effect-no elementor-widget elementor-widget-text-editor\" data-id=\"d1e819d\" data-element_type=\"widget\" data-e-type=\"widget\" data-widget_type=\"text-editor.default\">\n\t\t\t\t<div class=\"elementor-widget-container\">\n\t\t\t\t\t\t\t\t\t<p style=\"text-align: left; padding-left: 40px;\"><strong><span style=\"font-size: 18pt;\">De la Ingenier\u00eda a tu mesa <span style=\"font-size: 14pt;\">(Panel de expositores)<\/span><\/span><\/strong><\/p>\n<ul>\n<li style=\"list-style-type: none;\">\n<ul>\n<li>Esp. Patricia Bazan &#8211; <strong>La huerta: Km 0<\/strong><\/li>\n<li>Dr. Myriam Grzona &#8211; <strong>Guiso saludable instant\u00e1neo<\/strong><\/li>\n<li>Ing. Luciana Balmaceda \u2013 <strong>Bebidas fermentadas<\/strong><\/li><li>Ing. Mar\u00eda Magdalena Costanzo &#8211; <b>Galletitas a base de harina no convencional<\/b><\/li>\n<\/ul>\n<\/li>\n<\/ul>\n<p style=\"padding-left: 40px;\"><strong><span style=\"font-size: 18pt;\">Mujeres en Ingenier\u00eda<\/span><\/strong><\/p>\n<p style=\"padding-left: 80px;\">Charla con la Presidenta de la Comisi\u00f3n Mujeres, G\u00e9nero y Diversidad del CONFEDI <br>Peralta, Mar\u00eda Hayd\u00e9e (UNICEN &#8211; FI) (Modalidad Virtual) <br>Ejes: Vocaciones tempranas, permanencia, inserci\u00f3n laboral <br>Eje local: \u00bfQue hace la UNSL relacionado al tema?<\/p>\t\t\t\t\t\t\t\t<\/div>\n\t\t\t\t<\/div>\n\t\t\t\t\t<\/div>\n\t\t<\/div>\n\t\t\t\t\t<\/div>\n\t\t<\/section>\n\t\t\t\t<section class=\"elementor-section elementor-inner-section elementor-element elementor-element-51a1a67 elementor-section-boxed elementor-section-height-default elementor-section-height-default exad-glass-effect-no exad-sticky-section-no\" data-id=\"51a1a67\" data-element_type=\"section\" data-e-type=\"section\">\n\t\t\t\t\t\t<div class=\"elementor-container elementor-column-gap-no\">\n\t\t\t\t\t<div class=\"elementor-column elementor-col-100 elementor-inner-column elementor-element elementor-element-6ebdc5f exad-glass-effect-no exad-sticky-section-no\" data-id=\"6ebdc5f\" data-element_type=\"column\" data-e-type=\"column\">\n\t\t\t<div class=\"elementor-widget-wrap elementor-element-populated\">\n\t\t\t\t\t\t<div class=\"elementor-element elementor-element-65797ab exad-sticky-section-no exad-glass-effect-no elementor-widget elementor-widget-heading\" data-id=\"65797ab\" data-element_type=\"widget\" data-e-type=\"widget\" data-widget_type=\"heading.default\">\n\t\t\t\t<div class=\"elementor-widget-container\">\n\t\t\t\t\t<h2 class=\"elementor-heading-title elementor-size-default\">VIERNES 10\/6\/2022<\/h2>\t\t\t\t<\/div>\n\t\t\t\t<\/div>\n\t\t\t\t<div class=\"elementor-element elementor-element-879eed1 exad-sticky-section-no exad-glass-effect-no elementor-widget elementor-widget-text-editor\" data-id=\"879eed1\" data-element_type=\"widget\" data-e-type=\"widget\" data-widget_type=\"text-editor.default\">\n\t\t\t\t<div class=\"elementor-widget-container\">\n\t\t\t\t\t\t\t\t\t<p>9:00 a 12:00 h Campus Universitario (Ruta Prov. 55 Ext. Norte)<\/p>\t\t\t\t\t\t\t\t<\/div>\n\t\t\t\t<\/div>\n\t\t\t\t<div class=\"elementor-element elementor-element-83568a9 exad-sticky-section-no exad-glass-effect-no elementor-widget elementor-widget-text-editor\" data-id=\"83568a9\" data-element_type=\"widget\" data-e-type=\"widget\" data-widget_type=\"text-editor.default\">\n\t\t\t\t<div class=\"elementor-widget-container\">\n\t\t\t\t\t\t\t\t\t<ul><li><strong>Exposici\u00f3n de ponencias<br \/><\/strong>Destinada a docentes, estudiantes y p\u00fablico en general.<br \/><strong>\u00c1rea A <\/strong>&#8211; Electromec\u00e1nica-Electr\u00f3nica-Mecatr\u00f3nica [Aula 132]<br \/><strong>\u00c1rea E<\/strong>&#8211; Educaci\u00f3n en Ingenier\u00eda y vinculaci\u00f3n [Aula 137]<\/li><\/ul><p style=\"text-align: center;\"><span style=\"color: #000080;\"><a style=\"color: #000080;\" href=\"https:\/\/si.fica.unsl.edu.ar\/wp-content\/uploads\/2022\/06\/Cronograma-SI-FICA.pdf\" target=\"_blank\" rel=\"noopener\">[Ver cronograma de Ponencias]<\/a><\/span><\/p>\t\t\t\t\t\t\t\t<\/div>\n\t\t\t\t<\/div>\n\t\t\t\t<div class=\"elementor-element elementor-element-6d848e0 exad-sticky-section-no exad-glass-effect-no elementor-widget elementor-widget-text-editor\" data-id=\"6d848e0\" data-element_type=\"widget\" data-e-type=\"widget\" data-widget_type=\"text-editor.default\">\n\t\t\t\t<div class=\"elementor-widget-container\">\n\t\t\t\t\t\t\t\t\t<p>9:00 a 12:00 Campus Universitario [Aula 6]<\/p>\t\t\t\t\t\t\t\t<\/div>\n\t\t\t\t<\/div>\n\t\t\t\t<div class=\"elementor-element elementor-element-020f15c exad-sticky-section-no exad-glass-effect-no elementor-widget elementor-widget-text-editor\" data-id=\"020f15c\" data-element_type=\"widget\" data-e-type=\"widget\" data-widget_type=\"text-editor.default\">\n\t\t\t\t<div class=\"elementor-widget-container\">\n\t\t\t\t\t\t\t\t\t<ul><li>Actividad AMEREIQ (Asociaci\u00f3n Mercedina de estudiantes de Ingenier\u00eda Qu\u00edmica) [Aula 6]<br \/><strong>Graduados y estudiantes avanzados, cuentan sus experiencias en f\u00e1brica.<\/strong><br \/>Destinada a estudiantes de carreras relacionadas <\/li><\/ul>\t\t\t\t\t\t\t\t<\/div>\n\t\t\t\t<\/div>\n\t\t\t\t<div class=\"elementor-element elementor-element-bfbef87 exad-sticky-section-no exad-glass-effect-no elementor-widget elementor-widget-text-editor\" data-id=\"bfbef87\" data-element_type=\"widget\" data-e-type=\"widget\" data-widget_type=\"text-editor.default\">\n\t\t\t\t<div class=\"elementor-widget-container\">\n\t\t\t\t\t\t\t\t\t<p>18:00 h Campus Universitario (Ruta Prov. 55 Ext. Norte)<\/p>\t\t\t\t\t\t\t\t<\/div>\n\t\t\t\t<\/div>\n\t\t\t\t<div class=\"elementor-element elementor-element-d92599e exad-sticky-section-no exad-glass-effect-no elementor-widget elementor-widget-text-editor\" data-id=\"d92599e\" data-element_type=\"widget\" data-e-type=\"widget\" data-widget_type=\"text-editor.default\">\n\t\t\t\t<div class=\"elementor-widget-container\">\n\t\t\t\t\t\t\t\t\t<p style=\"text-align: left; padding-left: 40px;\"><span style=\"font-size: 18pt;\">1\u00ba Encuentro de Graduados FICA<\/span><\/p><ul><li style=\"list-style-type: none;\"><ul><li>Aula 17 \u2013 Campus Universitario\u00a0<\/li><\/ul><\/li><\/ul><p style=\"text-align: center;\"><span style=\"font-size: 18pt;\"><strong>20:00 h &#8211; Cierre &#8211; Brindis<\/strong><\/span><\/p>\t\t\t\t\t\t\t\t<\/div>\n\t\t\t\t<\/div>\n\t\t\t\t\t<\/div>\n\t\t<\/div>\n\t\t\t\t\t<\/div>\n\t\t<\/section>\n\t\t\t\t\t<\/div>\n\t\t<\/div>\n\t\t\t\t\t<\/div>\n\t\t<\/section>\n\t\t\t\t<\/div>\n\t\t","protected":false},"excerpt":{"rendered":"<p>CRONOGRAMA DE ACTIVIDADES 2022 Semana del 06 al 10 de junio 2022 Descargar Cronograma de Actividades LUNES 6\/6\/2022 18:00 h Escuela de Econom\u00eda y Transferencia&hellip;<\/p>\n","protected":false},"author":5,"featured_media":0,"parent":0,"menu_order":0,"comment_status":"closed","ping_status":"closed","template":"elementor_header_footer","meta":{"_monsterinsights_skip_tracking":false,"_monsterinsights_sitenote_active":false,"_monsterinsights_sitenote_note":"","_monsterinsights_sitenote_category":0,"footnotes":""},"class_list":["post-2401","page","type-page","status-publish","hentry"],"yoast_head":"<!-- This site is optimized with the Yoast SEO plugin v27.3 - https:\/\/yoast.com\/product\/yoast-seo-wordpress\/ -->\n<title>Cronograma de Actividades 2022 - Semana de la Ingenier\u00eda - Semana FICA<\/title>\n<meta name=\"robots\" content=\"index, follow, max-snippet:-1, max-image-preview:large, max-video-preview:-1\" \/>\n<link rel=\"canonical\" href=\"https:\/\/si.fica.unsl.edu.ar\/index.php\/cronograma-de-actividades-2022\/\" \/>\n<meta property=\"og:locale\" content=\"es_ES\" \/>\n<meta property=\"og:type\" content=\"article\" \/>\n<meta property=\"og:title\" content=\"Cronograma de Actividades 2022 - Semana de la Ingenier\u00eda - Semana FICA\" \/>\n<meta property=\"og:description\" content=\"CRONOGRAMA DE ACTIVIDADES 2022 Semana del 06 al 10 de junio 2022 Descargar Cronograma de Actividades LUNES 6\/6\/2022 18:00 h Escuela de Econom\u00eda y Transferencia&hellip;\" \/>\n<meta property=\"og:url\" content=\"https:\/\/si.fica.unsl.edu.ar\/index.php\/cronograma-de-actividades-2022\/\" \/>\n<meta property=\"og:site_name\" content=\"Semana de la Ingenier\u00eda - Semana FICA\" \/>\n<meta property=\"article:modified_time\" content=\"2022-09-07T14:34:21+00:00\" \/>\n<meta property=\"og:image\" content=\"https:\/\/si.fica.unsl.edu.ar\/wp-content\/uploads\/2022\/05\/calendario.png\" \/>\n<meta name=\"twitter:card\" content=\"summary_large_image\" \/>\n<meta name=\"twitter:label1\" content=\"Tiempo de lectura\" \/>\n\t<meta name=\"twitter:data1\" content=\"4 minutos\" \/>\n<script type=\"application\/ld+json\" class=\"yoast-schema-graph\">{\"@context\":\"https:\\\/\\\/schema.org\",\"@graph\":[{\"@type\":\"WebPage\",\"@id\":\"https:\\\/\\\/si.fica.unsl.edu.ar\\\/index.php\\\/cronograma-de-actividades-2022\\\/\",\"url\":\"https:\\\/\\\/si.fica.unsl.edu.ar\\\/index.php\\\/cronograma-de-actividades-2022\\\/\",\"name\":\"Cronograma de Actividades 2022 - Semana de la Ingenier\u00eda - Semana FICA\",\"isPartOf\":{\"@id\":\"https:\\\/\\\/si.fica.unsl.edu.ar\\\/#website\"},\"primaryImageOfPage\":{\"@id\":\"https:\\\/\\\/si.fica.unsl.edu.ar\\\/index.php\\\/cronograma-de-actividades-2022\\\/#primaryimage\"},\"image\":{\"@id\":\"https:\\\/\\\/si.fica.unsl.edu.ar\\\/index.php\\\/cronograma-de-actividades-2022\\\/#primaryimage\"},\"thumbnailUrl\":\"https:\\\/\\\/si.fica.unsl.edu.ar\\\/wp-content\\\/uploads\\\/2022\\\/05\\\/calendario.png\",\"datePublished\":\"2022-09-07T14:20:15+00:00\",\"dateModified\":\"2022-09-07T14:34:21+00:00\",\"breadcrumb\":{\"@id\":\"https:\\\/\\\/si.fica.unsl.edu.ar\\\/index.php\\\/cronograma-de-actividades-2022\\\/#breadcrumb\"},\"inLanguage\":\"es-AR\",\"potentialAction\":[{\"@type\":\"ReadAction\",\"target\":[\"https:\\\/\\\/si.fica.unsl.edu.ar\\\/index.php\\\/cronograma-de-actividades-2022\\\/\"]}]},{\"@type\":\"ImageObject\",\"inLanguage\":\"es-AR\",\"@id\":\"https:\\\/\\\/si.fica.unsl.edu.ar\\\/index.php\\\/cronograma-de-actividades-2022\\\/#primaryimage\",\"url\":\"https:\\\/\\\/si.fica.unsl.edu.ar\\\/wp-content\\\/uploads\\\/2022\\\/05\\\/calendario.png\",\"contentUrl\":\"https:\\\/\\\/si.fica.unsl.edu.ar\\\/wp-content\\\/uploads\\\/2022\\\/05\\\/calendario.png\",\"width\":512,\"height\":512},{\"@type\":\"BreadcrumbList\",\"@id\":\"https:\\\/\\\/si.fica.unsl.edu.ar\\\/index.php\\\/cronograma-de-actividades-2022\\\/#breadcrumb\",\"itemListElement\":[{\"@type\":\"ListItem\",\"position\":1,\"name\":\"Inicio\",\"item\":\"https:\\\/\\\/si.fica.unsl.edu.ar\\\/\"},{\"@type\":\"ListItem\",\"position\":2,\"name\":\"Cronograma de Actividades 2022\"}]},{\"@type\":\"WebSite\",\"@id\":\"https:\\\/\\\/si.fica.unsl.edu.ar\\\/#website\",\"url\":\"https:\\\/\\\/si.fica.unsl.edu.ar\\\/\",\"name\":\"Semana de la Ingenier\u00eda - Semana FICA\",\"description\":\"\",\"publisher\":{\"@id\":\"https:\\\/\\\/si.fica.unsl.edu.ar\\\/#organization\"},\"potentialAction\":[{\"@type\":\"SearchAction\",\"target\":{\"@type\":\"EntryPoint\",\"urlTemplate\":\"https:\\\/\\\/si.fica.unsl.edu.ar\\\/?s={search_term_string}\"},\"query-input\":{\"@type\":\"PropertyValueSpecification\",\"valueRequired\":true,\"valueName\":\"search_term_string\"}}],\"inLanguage\":\"es-AR\"},{\"@type\":\"Organization\",\"@id\":\"https:\\\/\\\/si.fica.unsl.edu.ar\\\/#organization\",\"name\":\"SAC- Secretar\u00eda Acad\u00e9mica FICA\",\"url\":\"https:\\\/\\\/si.fica.unsl.edu.ar\\\/\",\"logo\":{\"@type\":\"ImageObject\",\"inLanguage\":\"es-AR\",\"@id\":\"https:\\\/\\\/si.fica.unsl.edu.ar\\\/#\\\/schema\\\/logo\\\/image\\\/\",\"url\":\"https:\\\/\\\/si.fica.unsl.edu.ar\\\/wp-content\\\/uploads\\\/2020\\\/11\\\/SAC.png\",\"contentUrl\":\"https:\\\/\\\/si.fica.unsl.edu.ar\\\/wp-content\\\/uploads\\\/2020\\\/11\\\/SAC.png\",\"width\":4484,\"height\":1231,\"caption\":\"SAC- Secretar\u00eda Acad\u00e9mica FICA\"},\"image\":{\"@id\":\"https:\\\/\\\/si.fica.unsl.edu.ar\\\/#\\\/schema\\\/logo\\\/image\\\/\"}}]}<\/script>\n<!-- \/ Yoast SEO plugin. -->","yoast_head_json":{"title":"Cronograma de Actividades 2022 - Semana de la Ingenier\u00eda - Semana FICA","robots":{"index":"index","follow":"follow","max-snippet":"max-snippet:-1","max-image-preview":"max-image-preview:large","max-video-preview":"max-video-preview:-1"},"canonical":"https:\/\/si.fica.unsl.edu.ar\/index.php\/cronograma-de-actividades-2022\/","og_locale":"es_ES","og_type":"article","og_title":"Cronograma de Actividades 2022 - Semana de la Ingenier\u00eda - Semana FICA","og_description":"CRONOGRAMA DE ACTIVIDADES 2022 Semana del 06 al 10 de junio 2022 Descargar Cronograma de Actividades LUNES 6\/6\/2022 18:00 h Escuela de Econom\u00eda y Transferencia&hellip;","og_url":"https:\/\/si.fica.unsl.edu.ar\/index.php\/cronograma-de-actividades-2022\/","og_site_name":"Semana de la Ingenier\u00eda - Semana FICA","article_modified_time":"2022-09-07T14:34:21+00:00","og_image":[{"url":"https:\/\/si.fica.unsl.edu.ar\/wp-content\/uploads\/2022\/05\/calendario.png","type":"","width":"","height":""}],"twitter_card":"summary_large_image","twitter_misc":{"Tiempo de lectura":"4 minutos"},"schema":{"@context":"https:\/\/schema.org","@graph":[{"@type":"WebPage","@id":"https:\/\/si.fica.unsl.edu.ar\/index.php\/cronograma-de-actividades-2022\/","url":"https:\/\/si.fica.unsl.edu.ar\/index.php\/cronograma-de-actividades-2022\/","name":"Cronograma de Actividades 2022 - Semana de la Ingenier\u00eda - Semana FICA","isPartOf":{"@id":"https:\/\/si.fica.unsl.edu.ar\/#website"},"primaryImageOfPage":{"@id":"https:\/\/si.fica.unsl.edu.ar\/index.php\/cronograma-de-actividades-2022\/#primaryimage"},"image":{"@id":"https:\/\/si.fica.unsl.edu.ar\/index.php\/cronograma-de-actividades-2022\/#primaryimage"},"thumbnailUrl":"https:\/\/si.fica.unsl.edu.ar\/wp-content\/uploads\/2022\/05\/calendario.png","datePublished":"2022-09-07T14:20:15+00:00","dateModified":"2022-09-07T14:34:21+00:00","breadcrumb":{"@id":"https:\/\/si.fica.unsl.edu.ar\/index.php\/cronograma-de-actividades-2022\/#breadcrumb"},"inLanguage":"es-AR","potentialAction":[{"@type":"ReadAction","target":["https:\/\/si.fica.unsl.edu.ar\/index.php\/cronograma-de-actividades-2022\/"]}]},{"@type":"ImageObject","inLanguage":"es-AR","@id":"https:\/\/si.fica.unsl.edu.ar\/index.php\/cronograma-de-actividades-2022\/#primaryimage","url":"https:\/\/si.fica.unsl.edu.ar\/wp-content\/uploads\/2022\/05\/calendario.png","contentUrl":"https:\/\/si.fica.unsl.edu.ar\/wp-content\/uploads\/2022\/05\/calendario.png","width":512,"height":512},{"@type":"BreadcrumbList","@id":"https:\/\/si.fica.unsl.edu.ar\/index.php\/cronograma-de-actividades-2022\/#breadcrumb","itemListElement":[{"@type":"ListItem","position":1,"name":"Inicio","item":"https:\/\/si.fica.unsl.edu.ar\/"},{"@type":"ListItem","position":2,"name":"Cronograma de Actividades 2022"}]},{"@type":"WebSite","@id":"https:\/\/si.fica.unsl.edu.ar\/#website","url":"https:\/\/si.fica.unsl.edu.ar\/","name":"Semana de la Ingenier\u00eda - Semana FICA","description":"","publisher":{"@id":"https:\/\/si.fica.unsl.edu.ar\/#organization"},"potentialAction":[{"@type":"SearchAction","target":{"@type":"EntryPoint","urlTemplate":"https:\/\/si.fica.unsl.edu.ar\/?s={search_term_string}"},"query-input":{"@type":"PropertyValueSpecification","valueRequired":true,"valueName":"search_term_string"}}],"inLanguage":"es-AR"},{"@type":"Organization","@id":"https:\/\/si.fica.unsl.edu.ar\/#organization","name":"SAC- Secretar\u00eda Acad\u00e9mica FICA","url":"https:\/\/si.fica.unsl.edu.ar\/","logo":{"@type":"ImageObject","inLanguage":"es-AR","@id":"https:\/\/si.fica.unsl.edu.ar\/#\/schema\/logo\/image\/","url":"https:\/\/si.fica.unsl.edu.ar\/wp-content\/uploads\/2020\/11\/SAC.png","contentUrl":"https:\/\/si.fica.unsl.edu.ar\/wp-content\/uploads\/2020\/11\/SAC.png","width":4484,"height":1231,"caption":"SAC- Secretar\u00eda Acad\u00e9mica FICA"},"image":{"@id":"https:\/\/si.fica.unsl.edu.ar\/#\/schema\/logo\/image\/"}}]}},"_links":{"self":[{"href":"https:\/\/si.fica.unsl.edu.ar\/index.php\/wp-json\/wp\/v2\/pages\/2401","targetHints":{"allow":["GET"]}}],"collection":[{"href":"https:\/\/si.fica.unsl.edu.ar\/index.php\/wp-json\/wp\/v2\/pages"}],"about":[{"href":"https:\/\/si.fica.unsl.edu.ar\/index.php\/wp-json\/wp\/v2\/types\/page"}],"author":[{"embeddable":true,"href":"https:\/\/si.fica.unsl.edu.ar\/index.php\/wp-json\/wp\/v2\/users\/5"}],"replies":[{"embeddable":true,"href":"https:\/\/si.fica.unsl.edu.ar\/index.php\/wp-json\/wp\/v2\/comments?post=2401"}],"version-history":[{"count":5,"href":"https:\/\/si.fica.unsl.edu.ar\/index.php\/wp-json\/wp\/v2\/pages\/2401\/revisions"}],"predecessor-version":[{"id":2534,"href":"https:\/\/si.fica.unsl.edu.ar\/index.php\/wp-json\/wp\/v2\/pages\/2401\/revisions\/2534"}],"wp:attachment":[{"href":"https:\/\/si.fica.unsl.edu.ar\/index.php\/wp-json\/wp\/v2\/media?parent=2401"}],"curies":[{"name":"wp","href":"https:\/\/api.w.org\/{rel}","templated":true}]}}